
{"id":11806,"date":"2017-06-09T11:13:26","date_gmt":"2017-06-09T11:13:26","guid":{"rendered":"https:\/\/www.spainfoodsherpas.com\/?page_id=11806\/"},"modified":"2019-12-17T17:55:10","modified_gmt":"2019-12-17T15:55:10","slug":"malaga-reisefuehrer-fuer-foodies","status":"publish","type":"page","link":"https:\/\/www.spainfoodsherpas.com\/de\/malaga-reisefuehrer-fuer-foodies\/","title":{"rendered":"Malaga Reisef\u00fchrer f\u00fcr Foodies"},"content":{"rendered":"<p><div class=\"fusion-fullwidth fullwidth-box fusion-builder-row-1 fusion-flex-container hundred-percent-fullwidth non-hundred-percent-height-scrolling\" style=\"--awb-background-position:left top;--awb-border-radius-top-left:0px;--awb-border-radius-top-right:0px;--awb-border-radius-bottom-right:0px;--awb-border-radius-bottom-left:0px;--awb-padding-top:20px;--awb-padding-right:5%;--awb-padding-bottom:20px;--awb-padding-left:5%;--awb-border-sizes-top:0px;--awb-border-sizes-bottom:0px;--awb-flex-wrap:wrap;\" ><div class=\"fusion-builder-row fusion-row fusion-flex-align-items-flex-start fusion-flex-content-wrap\" style=\"width:calc( 100% + 0px ) !important;max-width:calc( 100% + 0px ) !important;margin-left: calc(-0px \/ 2 );margin-right: calc(-0px \/ 2 );\"><div class=\"fusion-layout-column fusion_builder_column fusion-builder-column-0 fusion_builder_column_1_1 1_1 fusion-flex-column fusion-flex-align-self-flex-start fusion-column-no-min-height\" style=\"--awb-bg-size:cover;--awb-width-large:100%;--awb-margin-top-large:0px;--awb-spacing-right-large:0px;--awb-margin-bottom-large:0px;--awb-spacing-left-large:0px;--awb-width-medium:100%;--awb-spacing-right-medium:0px;--awb-spacing-left-medium:0px;--awb-width-small:100%;--awb-spacing-right-small:0px;--awb-spacing-left-small:0px;\"><div class=\"fusion-column-wrapper fusion-flex-justify-content-flex-start fusion-content-layout-column\"><div class=\"fusion-text fusion-text-1\"><h1 style=\"text-align: center; font-size: 40px;\">MALAGA REISEF\u00dcHRER F\u00dcR FOODIES<\/h1>\n<h3 style=\"text-align: center;\"><span style=\"color: #bc503e;\"><strong><a href=\"https:\/\/www.spainfoodsherpas.com\/de\/malaga-reisefuehrer-gratis-download\/\">Free Download &gt;<\/a><br \/>\n<\/strong><\/span><\/h3>\n<\/div><div class=\"fusion-text fusion-text-2\"><p style=\"text-align: center;\">Viele unserer Kunden fragen uns nach Empfehlungen \u00fcber die besten Orte, was sehenswert ist, was sie probieren sollten und was unsere Lieblingsrestaurants sind. Wenn Sie einige Tage in Malaga verbringen, wird Ihnen dieser Reisef\u00fchrer helfen, das Beste aus Ihrem Besuch zu machen. Unser Team hat einige der Attraktionen, Hotels, Restaurants, Weinbars und Tavernen (die uns am besten gefallen) gesammelt, sowie eine Auswahl an Tapas, Gerichten und Getr\u00e4nken, die Sie w\u00e4hrend Ihres Aufenthaltes nicht verpassen sollten. Wenn Sie m\u00f6chten, dass einer unserer Food Sherpas Sie begleit, um die fabelhafte K\u00fcche unserer Stadt und Provinz zu entdecken, dann buchen Sie eine unserer <a href=\"https:\/\/www.spainfoodsherpas.com\/de\/malaga-tours\/\">Food Touren<\/a> oder <a href=\"https:\/\/www.spainfoodsherpas.com\/de\/kochkurse-in-malaga\/\">Kochkurse<\/a>.<\/p>\n<p style=\"text-align: center;\">Schauen Sie sich unsere Karte von Malaga mit den wichtigsten <a href=\"https:\/\/www.spainfoodsherpas.com\/malaga-tourist-map-info\/\">Sehensw\u00fcrdigkeiten <\/a>und n\u00fctzlicher Information an.<\/p>\n<\/div><\/div><\/div><div class=\"fusion-layout-column fusion_builder_column fusion-builder-column-1 fusion_builder_column_1_1 1_1 fusion-flex-column\" style=\"--awb-padding-top:10px;--awb-padding-right:10px;--awb-padding-bottom:10px;--awb-padding-left:10px;--awb-bg-size:cover;--awb-border-color:#5b7eb2;--awb-border-style:solid;--awb-width-large:100%;--awb-margin-top-large:0px;--awb-spacing-right-large:0px;--awb-margin-bottom-large:25px;--awb-spacing-left-large:0px;--awb-width-medium:100%;--awb-spacing-right-medium:0px;--awb-spacing-left-medium:0px;--awb-width-small:100%;--awb-spacing-right-small:0px;--awb-spacing-left-small:0px;\"><div class=\"fusion-column-wrapper fusion-flex-justify-content-flex-start fusion-content-layout-column\"><div class=\"fusion-text fusion-text-3\"><ul>\n<li style=\"text-align: left;\"><a class=\"fusion-one-page-text-link travel_index\" href=\"#essentialfood\">ESSEN &amp; TRINKEN<\/a><\/li>\n<\/ul>\n<\/div><div class=\"fusion-text fusion-text-4\"><ul>\n<li><a class=\"fusion-one-page-text-link travel_index\" href=\"#besthotelsection\">MALAGAS BESTE HOTELS<\/a><\/li>\n<\/ul>\n<\/div><div class=\"fusion-text fusion-text-5\"><ul>\n<li><a class=\"fusion-one-page-text-link travel_index\" href=\"#restaurantsection\">MALAGAS BESTE RESTAURANTS<\/a><\/li>\n<\/ul>\n<\/div><div class=\"fusion-text fusion-text-6\"><ul>\n<li><a class=\"fusion-one-page-text-link travel_index\" href=\"#favouritesection\">UNSERE EMPFEHLUNGEN<\/a><\/li>\n<\/ul>\n<\/div><div class=\"fusion-text fusion-text-7\"><ul>\n<li><a class=\"fusion-one-page-text-link travel_index\" href=\"#topattractionsection\">DIE TOP 10 TOURISTENATTRAKTIONEN IN MALAGA<\/a><\/li>\n<\/ul>\n<\/div><div class=\"fusion-text fusion-text-8\"><ul>\n<li><a class=\"fusion-one-page-text-link travel_index\" href=\"#nightlifesection\">MALAGA NIGHTLIFE<\/a><\/li>\n<\/ul>\n<\/div><\/div><\/div><\/div><\/div><div class=\"fusion-fullwidth fullwidth-box fusion-builder-row-2 fusion-flex-container nonhundred-percent-fullwidth non-hundred-percent-height-scrolling\" style=\"--awb-border-radius-top-left:0px;--awb-border-radius-top-right:0px;--awb-border-radius-bottom-right:0px;--awb-border-radius-bottom-left:0px;--awb-flex-wrap:wrap;\" id=\"essentialfood\" ><div class=\"fusion-builder-row fusion-row fusion-flex-align-items-flex-start fusion-flex-content-wrap\" style=\"max-width:1216.8px;margin-left: calc(-4% \/ 2 );margin-right: calc(-4% \/ 2 );\"><div class=\"fusion-layout-column fusion_builder_column fusion-builder-column-2 fusion_builder_column_1_1 1_1 fusion-flex-column\" style=\"--awb-bg-size:cover;--awb-width-large:100%;--awb-margin-top-large:0px;--awb-spacing-right-large:1.92%;--awb-margin-bottom-large:20px;--awb-spacing-left-large:1.92%;--awb-width-medium:100%;--awb-spacing-right-medium:1.92%;--awb-spacing-left-medium:1.92%;--awb-width-small:100%;--awb-spacing-right-small:1.92%;--awb-spacing-left-small:1.92%;\"><div class=\"fusion-column-wrapper fusion-column-has-shadow fusion-flex-justify-content-flex-start fusion-content-layout-column\"><div class=\"fusion-text fusion-text-9\"><h2 style=\"text-align: center; font-size: 32px; padding-bottom: 20px;\">WAS SIE IN MALAGA ESSEN UN TRINKEN SOLLTEN<\/h2>\n<\/div><\/div><\/div><div class=\"fusion-layout-column fusion_builder_column fusion-builder-column-3 fusion_builder_column_1_2 1_2 fusion-flex-column\" style=\"--awb-bg-size:cover;--awb-width-large:50%;--awb-margin-top-large:0px;--awb-spacing-right-large:3.84%;--awb-margin-bottom-large:20px;--awb-spacing-left-large:3.84%;--awb-width-medium:100%;--awb-spacing-right-medium:1.92%;--awb-spacing-left-medium:1.92%;--awb-width-small:100%;--awb-spacing-right-small:1.92%;--awb-spacing-left-small:1.92%;\"><div class=\"fusion-column-wrapper fusion-flex-justify-content-flex-start fusion-content-layout-column\"><div class=\"fusion-text fusion-text-10\"><p><span style=\"color: #bc503e;\"><strong>Gebratener Fisch und &#8220;Espetos&#8221;<\/strong><\/span><\/p>\n<p>Sie k\u00f6nnen Malaga nicht verlassen, ohne die Terrasse einer &#8220;chiringuito&#8221; Strandbar in Pedregalejo oder El Palo genossen zu haben. Der Star unter den Sommergerichten ist die &#8220;fritura malague\u00f1a&#8221; (eine Vielzahl von gebratenen lokalen Fischen wie rote Meer\u00e4sche, wei\u00dfe Sardellen, Tintenfisch oder Schulhaifisch) und gegrillte Sardinen. Sie werden sehen, dass die Vorbereitung eines &#8220;Espeto&#8221; reine Kunst ist: 5 oder 6 Sardinen werden auf einen Spie\u00df gegeben und mit groben Salz \u00fcber einem offenen Olivenholz Feuer ger\u00f6stet. Das ist die Essenz von Malaga! Sie k\u00f6nnen &#8220;Boquerones Fritos&#8221; auf unserer t\u00e4glichen <a href=\"https:\/\/www.spainfoodsherpas.com\/de\/tapas-tour-malaga\/\">Malaga Tapas Tour und Marktbesuch <\/a>verkosten.<\/p>\n<\/div><\/div><\/div><div class=\"fusion-layout-column fusion_builder_column fusion-builder-column-4 fusion_builder_column_1_2 1_2 fusion-flex-column\" style=\"--awb-bg-size:cover;--awb-width-large:50%;--awb-margin-top-large:0px;--awb-spacing-right-large:3.84%;--awb-margin-bottom-large:20px;--awb-spacing-left-large:3.84%;--awb-width-medium:100%;--awb-spacing-right-medium:1.92%;--awb-spacing-left-medium:1.92%;--awb-width-small:100%;--awb-spacing-right-small:1.92%;--awb-spacing-left-small:1.92%;\"><div class=\"fusion-column-wrapper fusion-flex-justify-content-flex-start fusion-content-layout-column\"><div class=\"fusion-text fusion-text-11\"><p><strong><span style=\"color: #bc503e;\">Fleischb\u00e4llchen in Mandelsauce<\/span> <\/strong><\/p>\n<p>Ein Klassiker und ein wesentlicher Bestandteil unserer regionalen K\u00fcche den man in fast jeder Tapas-Bar finden kann. Historisch gesehen ist Malaga einer der gr\u00f6\u00dften Mandelhersteller Spaniens, so ist es auch \u00fcblich sie als Protagonist in vieler unserer traditionellen Gerichte und Desserts zu finden. Haben Sie schon einmal \u201eAjoblanco\u201c probiert? Lernen Sie, wie diese Gerichte vorbereiten werden und genie\u00dfen Sie diese regionale Spezialit\u00e4t mit arabischer Herkunft in unseren Kochkursen (und sp\u00e4ter zu Hause mit unseren Rezepten)!<\/p>\n<\/div><\/div><\/div><div class=\"fusion-layout-column fusion_builder_column fusion-builder-column-5 fusion_builder_column_1_2 1_2 fusion-flex-column\" style=\"--awb-bg-size:cover;--awb-width-large:50%;--awb-margin-top-large:0px;--awb-spacing-right-large:3.84%;--awb-margin-bottom-large:20px;--awb-spacing-left-large:3.84%;--awb-width-medium:100%;--awb-spacing-right-medium:1.92%;--awb-spacing-left-medium:1.92%;--awb-width-small:100%;--awb-spacing-right-small:1.92%;--awb-spacing-left-small:1.92%;\"><div class=\"fusion-column-wrapper fusion-flex-justify-content-flex-start fusion-content-layout-column\"><div class=\"fusion-text fusion-text-12\"><p><strong><span style=\"color: #bc503e;\">Malaga Salat<\/span> <\/strong><\/p>\n<p>Ein traditionelles Rezept aus Malaga mit einem interessanten Twist, das sehr bekannt und sowohl von Einheimischen als auch Besuchern geliebt wird. Die Zubereitung ist ganz einfach und kann in vielen Restaurants und Bars gefunden werden, serviert als Tapa oder ganzes Gericht. Die Zutaten sind Kartoffeln, Kabeljau, Zwiebeln, Alore\u00f1a Oliven (keine anderen!) und &#8230; Orange &#8211; eine Delikatesse aus unserem Guadalhorce Tal welches dem Salat einen frischen Geschmack verleiht. Alles mit dem besten extra nativem Oliven\u00f6l und Salz gew\u00fcrzt. Bereit f\u00fcr diese Geschmackserfahrung?<\/p>\n<\/div><\/div><\/div><div class=\"fusion-layout-column fusion_builder_column fusion-builder-column-6 fusion_builder_column_1_2 1_2 fusion-flex-column\" style=\"--awb-bg-size:cover;--awb-width-large:50%;--awb-margin-top-large:0px;--awb-spacing-right-large:3.84%;--awb-margin-bottom-large:20px;--awb-spacing-left-large:3.84%;--awb-width-medium:100%;--awb-spacing-right-medium:1.92%;--awb-spacing-left-medium:1.92%;--awb-width-small:100%;--awb-spacing-right-small:1.92%;--awb-spacing-left-small:1.92%;\"><div class=\"fusion-column-wrapper fusion-flex-justify-content-flex-start fusion-content-layout-column\"><div class=\"fusion-text fusion-text-13\"><p><strong><span style=\"color: #bc503e;\">Aubergine mit Zuckerrohr Sirup<\/span><br \/>\n<\/strong><br \/>\nMalaga ist bekannt f\u00fcr die Qualit\u00e4t seines Gem\u00fcses, welches seine gesamte Pracht im Guadalhorce Tal erreicht. Unsere gebratene Aubergine ist absolut k\u00f6stlich, besonders wenn man sie mit &#8220;miel de ca\u00f1a&#8221; betr\u00e4ufelt &#8211; eine dicke Melasse aus unserer lokalen Zuckerrohrstange gemacht, die es noch an der K\u00fcste von Malaga und Granada gibt. Es klingt einfach, aber der richtige Punkt, wenn die gebratene Aubergine gelbgold und knusprig ist, braucht Training. Sie zu essen, nicht so viel&#8230;<\/p>\n<\/div><\/div><\/div><div class=\"fusion-layout-column fusion_builder_column fusion-builder-column-7 fusion_builder_column_1_2 1_2 fusion-flex-column\" style=\"--awb-bg-size:cover;--awb-width-large:50%;--awb-margin-top-large:0px;--awb-spacing-right-large:3.84%;--awb-margin-bottom-large:20px;--awb-spacing-left-large:3.84%;--awb-width-medium:100%;--awb-spacing-right-medium:1.92%;--awb-spacing-left-medium:1.92%;--awb-width-small:100%;--awb-spacing-right-small:1.92%;--awb-spacing-left-small:1.92%;\"><div class=\"fusion-column-wrapper fusion-flex-justify-content-flex-start fusion-content-layout-column\"><div class=\"fusion-text fusion-text-14\"><p><span style=\"color: #bc503e;\"><strong>Porra Antequerana, Tomatensuppe<\/strong><\/span><\/p>\n<p>Nicht einfach nur eine weitere kalte Tomatensuppe aus der Gazpacho-Familie, sondern das perfekte Gericht f\u00fcr hei\u00dfe Sommertage, erfrischend und cremig! Sie wird gew\u00f6hnlich in einer Sch\u00fcssel serviert und mit einer Garnierung aus gehacktem Serrano Schinken und\/oder Thunfisch und Ei (manche w\u00fcrden sagen der beste Teil der Suppe), der ihr eine wunderbare Note verleiht (im Geschmack und Textur). Absolut lecker und erstaunlich einfach. Aus frischen, reifen Tomaten, Wei\u00dfbrot, Knoblauch, extra nativem Oliven\u00f6l, Sherry Essig und Salz.<\/p>\n<\/div><\/div><\/div><div class=\"fusion-layout-column fusion_builder_column fusion-builder-column-8 fusion_builder_column_1_2 1_2 fusion-flex-column\" style=\"--awb-bg-size:cover;--awb-width-large:50%;--awb-margin-top-large:0px;--awb-spacing-right-large:3.84%;--awb-margin-bottom-large:20px;--awb-spacing-left-large:3.84%;--awb-width-medium:100%;--awb-spacing-right-medium:1.92%;--awb-spacing-left-medium:1.92%;--awb-width-small:100%;--awb-spacing-right-small:1.92%;--awb-spacing-left-small:1.92%;\"><div class=\"fusion-column-wrapper fusion-flex-justify-content-flex-start fusion-content-layout-column\"><div class=\"fusion-text fusion-text-15\"><p><span style=\"color: #bc503e;\"><strong>Pil-Pil Garnelen<\/strong><\/span><\/p>\n<p>Als eine der typischsten andalusischen Leckereien ist diese Tapa ein &#8220;Muss&#8221; unserer Gastronomie. Sie wird in der Regel in kleinen Tont\u00f6pfen serviert, mit ein bisschen Brot, um gut den Rest der Sauce aufzutunken. Seien Sie nur vorsichtig, weil der Topf sehr hei\u00df ist (es geht direkt vom Herd zum Tisch), wie auch so manchmal die Garnelen an sich sehr scharf sind (wegen des Chilis). Das ist alles was Sie brauchen: frische Garnelen, Cayennepfeffer, Knoblauch, Paprikapulver, Salz und extra natives Oliven\u00f6l. Sehr lecker! In unseren <a href=\"https:\/\/www.spainfoodsherpas.com\/de\/tapas-kochkurs-malaga\/\">Tapas Kochkursen<\/a> k\u00f6nnen Sie lernen, wie man sie vorbereitet.<\/p>\n<\/div><\/div><\/div><div class=\"fusion-layout-column fusion_builder_column fusion-builder-column-9 fusion_builder_column_1_2 1_2 fusion-flex-column\" style=\"--awb-bg-size:cover;--awb-width-large:50%;--awb-margin-top-large:0px;--awb-spacing-right-large:3.84%;--awb-margin-bottom-large:20px;--awb-spacing-left-large:3.84%;--awb-width-medium:100%;--awb-spacing-right-medium:1.92%;--awb-spacing-left-medium:1.92%;--awb-width-small:100%;--awb-spacing-right-small:1.92%;--awb-spacing-left-small:1.92%;\"><div class=\"fusion-column-wrapper fusion-flex-justify-content-flex-start fusion-content-layout-column\"><div class=\"fusion-text fusion-text-16\"><p><span style=\"color: #bc503e;\"><strong>Artischocken<\/strong><\/span><\/p>\n<p>Die Vorbereitung von &#8220;alcachofas confitadas&#8221; ist nicht so einfach. Es dauert ziemlich lange, da man die Artischocken in Oliven\u00f6l f\u00fcr mehr als eine Stunde (bei schwache Hitze) langsam kochen muss, damit sie zart und perfekt werden. Sie finden sie in traditionellen Tavernen oder &#8220;Mesones&#8221; und einigen Restaurants. Sie werden in der Regel mit Foie Gras, iberischem Schinken oder sogar Speck gereicht. Bitte, falls Sie die Gelegenheit haben sie zu bestellen, tun Sie\u2018s! Es ist eine wahre Freude f\u00fcr die Sinne! Oder versuchen Sie es mal anders: a la plancha, rebozadas, montillanas, fritas, &#8230; Tip!Tipp: Versuchen Sie die Besten der Stadt auf unserer <a href=\"https:\/\/www.spainfoodsherpas.com\/de\/malaga-weine-tapas-tour\/\">Malaga Wein und Tapas Tour an Abend<\/a>.<\/p>\n<\/div><\/div><\/div><div class=\"fusion-layout-column fusion_builder_column fusion-builder-column-10 fusion_builder_column_1_2 1_2 fusion-flex-column\" style=\"--awb-bg-size:cover;--awb-width-large:50%;--awb-margin-top-large:0px;--awb-spacing-right-large:3.84%;--awb-margin-bottom-large:20px;--awb-spacing-left-large:3.84%;--awb-width-medium:100%;--awb-spacing-right-medium:1.92%;--awb-spacing-left-medium:1.92%;--awb-width-small:100%;--awb-spacing-right-small:1.92%;--awb-spacing-left-small:1.92%;\"><div class=\"fusion-column-wrapper fusion-flex-justify-content-flex-start fusion-content-layout-column\"><div class=\"fusion-text fusion-text-17\"><p><span style=\"color: #bc503e;\"><strong>Trockener Muskateller Wei\u00dfwein<\/strong><\/span><\/p>\n<p>Sie m\u00fcssen es probieren um es zu glauben: es riecht wie ein Muskateller Dessertwein, fruchtig und s\u00fc\u00df wie wir es gewohnt sind. Doch der erste Schluck wird Ihnen das Gegenteil beweisen! Unsere Winzer und \u00d6nologen aus Malaga haben einen trockenen Wei\u00dfwein aus der ber\u00fchmten &#8220;Moscatel&#8221; Traube erarbeitet. Es ist der perfekte Wein, um hei\u00dfe Sommertage ein wenig leichter zu machen, zusammen mit etwas frischem Fisch oder Meeresfr\u00fcchten und in guter Gesellschaft. Er ist erfrischend, trocken und eine wunderbare Alternative unseres Klassikers.<\/p>\n<\/div><\/div><\/div><div class=\"fusion-layout-column fusion_builder_column fusion-builder-column-11 fusion_builder_column_1_2 1_2 fusion-flex-column\" style=\"--awb-bg-size:cover;--awb-width-large:50%;--awb-margin-top-large:0px;--awb-spacing-right-large:3.84%;--awb-margin-bottom-large:20px;--awb-spacing-left-large:3.84%;--awb-width-medium:100%;--awb-spacing-right-medium:1.92%;--awb-spacing-left-medium:1.92%;--awb-width-small:100%;--awb-spacing-right-small:1.92%;--awb-spacing-left-small:1.92%;\"><div class=\"fusion-column-wrapper fusion-flex-justify-content-flex-start fusion-content-layout-column\"><div class=\"fusion-text fusion-text-18\"><p><span style=\"color: #bc503e;\"><strong>Muscateller Wein (s\u00fcss)\/ Hausgemachter Wermut<\/strong><\/span><\/p>\n<p>Wenn Malaga nach etwas schmeckt, dann ist es wahrscheinlich seine s\u00fc\u00dfeste Gaumenfreude: Muskateller Wein. Sie k\u00f6nnen die Sonne in seinen s\u00fc\u00dfen Beeren und wunderbar fruchtigen Note der Weine fast schmecken. Nicht nur ist er toll als Dessert, um eine umfangreiche Mahlzeit zu vervollst\u00e4ndigen, sondern auch als Aperitif, um den Appetit anzuregen und Ihre Sinne zu wecken &#8211; vor allem mit gekochten Garnelen oder reifem K\u00e4se. Eine wahre Geschmacksexplosion! Versuchen Sie auch unseren hausgemachten Wermut aus Moclinejo zum Beispiel, der aus der gleichen Traube hergestellt wird! Probieren Sie diesen hervorragenden Wein auf einer progressiven Weinprobe w\u00e4hrend unserer <a href=\"https:\/\/www.spainfoodsherpas.com\/de\/malaga-weine-tapas-tour\/\">Malaga Wein und Tapas Tour<\/a>.<\/p>\n<\/div><\/div><\/div><div class=\"fusion-layout-column fusion_builder_column fusion-builder-column-12 fusion_builder_column_1_2 1_2 fusion-flex-column\" style=\"--awb-bg-size:cover;--awb-width-large:50%;--awb-margin-top-large:0px;--awb-spacing-right-large:3.84%;--awb-margin-bottom-large:20px;--awb-spacing-left-large:3.84%;--awb-width-medium:100%;--awb-spacing-right-medium:1.92%;--awb-spacing-left-medium:1.92%;--awb-width-small:100%;--awb-spacing-right-small:1.92%;--awb-spacing-left-small:1.92%;\"><div class=\"fusion-column-wrapper fusion-column-has-shadow fusion-flex-justify-content-flex-start fusion-content-layout-column\"><\/div><\/div><\/div><\/div><div class=\"fusion-fullwidth fullwidth-box fusion-builder-row-3 fusion-flex-container hundred-percent-fullwidth non-hundred-percent-height-scrolling\" style=\"--awb-background-position:left top;--awb-border-radius-top-left:0px;--awb-border-radius-top-right:0px;--awb-border-radius-bottom-right:0px;--awb-border-radius-bottom-left:0px;--awb-padding-top:20px;--awb-padding-right:0px;--awb-padding-bottom:20px;--awb-padding-left:0px;--awb-border-sizes-top:0px;--awb-border-sizes-bottom:0px;--awb-flex-wrap:wrap;\" ><div class=\"fusion-builder-row fusion-row fusion-flex-align-items-flex-start fusion-flex-content-wrap\" style=\"width:calc( 100% + 0px ) !important;max-width:calc( 100% + 0px ) !important;margin-left: calc(-0px \/ 2 );margin-right: calc(-0px \/ 2 );\"><div class=\"fusion-layout-column fusion_builder_column fusion-builder-column-13 fusion_builder_column_1_4 1_4 fusion-flex-column\" style=\"--awb-bg-size:cover;--awb-width-large:25%;--awb-margin-top-large:0px;--awb-spacing-right-large:0px;--awb-margin-bottom-large:20px;--awb-spacing-left-large:0px;--awb-width-medium:100%;--awb-spacing-right-medium:0px;--awb-spacing-left-medium:0px;--awb-width-small:100%;--awb-spacing-right-small:0px;--awb-spacing-left-small:0px;\"><div class=\"fusion-column-wrapper fusion-flex-justify-content-flex-start fusion-content-layout-column\"><div class=\"fusion-text fusion-text-19\"><p><img decoding=\"async\" class=\"lazyload aligncenter size-full wp-image-9118\" src=\"https:\/\/www.spainfoodsherpas.com\/sfs\/wp-content\/uploads\/2016\/09\/alore\u00f1as-olives.jpg\" data-orig-src=\"https:\/\/www.spainfoodsherpas.com\/sfs\/wp-content\/uploads\/2016\/09\/alore\u00f1as-olives.jpg\" alt=\"alorenas olives\" width=\"400\" height=\"266\" srcset=\"data:image\/svg+xml,%3Csvg%20xmlns%3D%27http%3A%2F%2Fwww.w3.org%2F2000%2Fsvg%27%20width%3D%27400%27%20height%3D%27266%27%20viewBox%3D%270%200%20400%20266%27%3E%3Crect%20width%3D%27400%27%20height%3D%27266%27%20fill-opacity%3D%220%22%2F%3E%3C%2Fsvg%3E\" data-srcset=\"https:\/\/www.spainfoodsherpas.com\/sfs\/wp-content\/uploads\/2016\/09\/alore\u00f1as-olives-200x133.jpg 200w, https:\/\/www.spainfoodsherpas.com\/sfs\/wp-content\/uploads\/2016\/09\/alore\u00f1as-olives-240x160.jpg 240w, https:\/\/www.spainfoodsherpas.com\/sfs\/wp-content\/uploads\/2016\/09\/alore\u00f1as-olives-300x200.jpg 300w, https:\/\/www.spainfoodsherpas.com\/sfs\/wp-content\/uploads\/2016\/09\/alore\u00f1as-olives.jpg 400w\" data-sizes=\"auto\" data-orig-sizes=\"(max-width: 400px) 100vw, 400px\" \/><\/p>\n<\/div><\/div><\/div><div class=\"fusion-layout-column fusion_builder_column fusion-builder-column-14 fusion_builder_column_1_4 1_4 fusion-flex-column\" style=\"--awb-bg-size:cover;--awb-width-large:25%;--awb-margin-top-large:0px;--awb-spacing-right-large:0px;--awb-margin-bottom-large:20px;--awb-spacing-left-large:0px;--awb-width-medium:100%;--awb-spacing-right-medium:0px;--awb-spacing-left-medium:0px;--awb-width-small:100%;--awb-spacing-right-small:0px;--awb-spacing-left-small:0px;\"><div class=\"fusion-column-wrapper fusion-flex-justify-content-flex-start fusion-content-layout-column\"><div class=\"fusion-text fusion-text-20\"><p><img decoding=\"async\" class=\"lazyload aligncenter wp-image-9146 size-full\" title=\"salmorejo-malaga\" src=\"https:\/\/www.spainfoodsherpas.com\/sfs\/wp-content\/uploads\/2016\/09\/salmorejo-malaga.jpg\" data-orig-src=\"https:\/\/www.spainfoodsherpas.com\/sfs\/wp-content\/uploads\/2016\/09\/salmorejo-malaga.jpg\" alt=\"salmorejo-malaga\" width=\"400\" height=\"266\" srcset=\"data:image\/svg+xml,%3Csvg%20xmlns%3D%27http%3A%2F%2Fwww.w3.org%2F2000%2Fsvg%27%20width%3D%27400%27%20height%3D%27266%27%20viewBox%3D%270%200%20400%20266%27%3E%3Crect%20width%3D%27400%27%20height%3D%27266%27%20fill-opacity%3D%220%22%2F%3E%3C%2Fsvg%3E\" data-srcset=\"https:\/\/www.spainfoodsherpas.com\/sfs\/wp-content\/uploads\/2016\/09\/salmorejo-malaga-200x133.jpg 200w, https:\/\/www.spainfoodsherpas.com\/sfs\/wp-content\/uploads\/2016\/09\/salmorejo-malaga-240x160.jpg 240w, https:\/\/www.spainfoodsherpas.com\/sfs\/wp-content\/uploads\/2016\/09\/salmorejo-malaga-300x200.jpg 300w, https:\/\/www.spainfoodsherpas.com\/sfs\/wp-content\/uploads\/2016\/09\/salmorejo-malaga.jpg 400w\" data-sizes=\"auto\" data-orig-sizes=\"(max-width: 400px) 100vw, 400px\" \/><\/p>\n<\/div><\/div><\/div><div class=\"fusion-layout-column fusion_builder_column fusion-builder-column-15 fusion_builder_column_1_4 1_4 fusion-flex-column\" style=\"--awb-bg-size:cover;--awb-width-large:25%;--awb-margin-top-large:0px;--awb-spacing-right-large:0px;--awb-margin-bottom-large:20px;--awb-spacing-left-large:0px;--awb-width-medium:100%;--awb-spacing-right-medium:0px;--awb-spacing-left-medium:0px;--awb-width-small:100%;--awb-spacing-right-small:0px;--awb-spacing-left-small:0px;\"><div class=\"fusion-column-wrapper fusion-flex-justify-content-flex-start fusion-content-layout-column\"><div class=\"fusion-text fusion-text-21\"><p><img decoding=\"async\" class=\"lazyload aligncenter size-full wp-image-9138\" src=\"https:\/\/www.spainfoodsherpas.com\/sfs\/wp-content\/uploads\/2016\/09\/muscatel-wine-malaga.jpg\" data-orig-src=\"https:\/\/www.spainfoodsherpas.com\/sfs\/wp-content\/uploads\/2016\/09\/muscatel-wine-malaga.jpg\" alt=\"muscatel-wine-malaga\" width=\"400\" height=\"266\" srcset=\"data:image\/svg+xml,%3Csvg%20xmlns%3D%27http%3A%2F%2Fwww.w3.org%2F2000%2Fsvg%27%20width%3D%27400%27%20height%3D%27266%27%20viewBox%3D%270%200%20400%20266%27%3E%3Crect%20width%3D%27400%27%20height%3D%27266%27%20fill-opacity%3D%220%22%2F%3E%3C%2Fsvg%3E\" data-srcset=\"https:\/\/www.spainfoodsherpas.com\/sfs\/wp-content\/uploads\/2016\/09\/muscatel-wine-malaga-200x133.jpg 200w, https:\/\/www.spainfoodsherpas.com\/sfs\/wp-content\/uploads\/2016\/09\/muscatel-wine-malaga-240x160.jpg 240w, https:\/\/www.spainfoodsherpas.com\/sfs\/wp-content\/uploads\/2016\/09\/muscatel-wine-malaga-300x200.jpg 300w, https:\/\/www.spainfoodsherpas.com\/sfs\/wp-content\/uploads\/2016\/09\/muscatel-wine-malaga.jpg 400w\" data-sizes=\"auto\" data-orig-sizes=\"(max-width: 400px) 100vw, 400px\" \/><\/p>\n<\/div><\/div><\/div><div class=\"fusion-layout-column fusion_builder_column fusion-builder-column-16 fusion_builder_column_1_4 1_4 fusion-flex-column\" style=\"--awb-bg-size:cover;--awb-width-large:25%;--awb-margin-top-large:0px;--awb-spacing-right-large:0px;--awb-margin-bottom-large:20px;--awb-spacing-left-large:0px;--awb-width-medium:100%;--awb-spacing-right-medium:0px;--awb-spacing-left-medium:0px;--awb-width-small:100%;--awb-spacing-right-small:0px;--awb-spacing-left-small:0px;\"><div class=\"fusion-column-wrapper fusion-flex-justify-content-flex-start fusion-content-layout-column\"><div class=\"fusion-text fusion-text-22\"><p><img decoding=\"async\" class=\"lazyload aligncenter size-full wp-image-9122\" src=\"https:\/\/www.spainfoodsherpas.com\/sfs\/wp-content\/uploads\/2016\/09\/boquerones-malaga.jpg\" data-orig-src=\"https:\/\/www.spainfoodsherpas.com\/sfs\/wp-content\/uploads\/2016\/09\/boquerones-malaga.jpg\" alt=\"boquerones-malaga\" width=\"400\" height=\"266\" srcset=\"data:image\/svg+xml,%3Csvg%20xmlns%3D%27http%3A%2F%2Fwww.w3.org%2F2000%2Fsvg%27%20width%3D%27400%27%20height%3D%27266%27%20viewBox%3D%270%200%20400%20266%27%3E%3Crect%20width%3D%27400%27%20height%3D%27266%27%20fill-opacity%3D%220%22%2F%3E%3C%2Fsvg%3E\" data-srcset=\"https:\/\/www.spainfoodsherpas.com\/sfs\/wp-content\/uploads\/2016\/09\/boquerones-malaga-200x133.jpg 200w, https:\/\/www.spainfoodsherpas.com\/sfs\/wp-content\/uploads\/2016\/09\/boquerones-malaga-240x160.jpg 240w, https:\/\/www.spainfoodsherpas.com\/sfs\/wp-content\/uploads\/2016\/09\/boquerones-malaga-300x200.jpg 300w, https:\/\/www.spainfoodsherpas.com\/sfs\/wp-content\/uploads\/2016\/09\/boquerones-malaga.jpg 400w\" data-sizes=\"auto\" data-orig-sizes=\"(max-width: 400px) 100vw, 400px\" \/><\/p>\n<\/div><\/div><\/div><div class=\"fusion-layout-column fusion_builder_column fusion-builder-column-17 fusion_builder_column_1_1 1_1 fusion-flex-column fusion-flex-align-self-flex-start fusion-column-no-min-height\" style=\"--awb-bg-size:cover;--awb-width-large:100%;--awb-margin-top-large:0px;--awb-spacing-right-large:0px;--awb-margin-bottom-large:0px;--awb-spacing-left-large:0px;--awb-width-medium:100%;--awb-spacing-right-medium:0px;--awb-spacing-left-medium:0px;--awb-width-small:100%;--awb-spacing-right-small:0px;--awb-spacing-left-small:0px;\"><div class=\"fusion-column-wrapper fusion-flex-justify-content-flex-start fusion-content-layout-column\"><div class=\"fusion-text fusion-text-23\"><p style=\"text-align: center;\"><span style=\"color: #957f55;\"><a style=\"color: #957f55;\" href=\"#\"><strong>\u21d1 NACH OBEN<\/strong><\/a><\/span><\/p>\n<\/div><div class=\"fusion-separator fusion-full-width-sep\" style=\"align-self: center;margin-left: auto;margin-right: auto;margin-top:35px;width:100%;\"><\/div><\/div><\/div><\/div><\/div><div class=\"fusion-fullwidth fullwidth-box fusion-builder-row-4 fusion-flex-container hundred-percent-fullwidth non-hundred-percent-height-scrolling\" style=\"--awb-background-position:left top;--awb-border-radius-top-left:0px;--awb-border-radius-top-right:0px;--awb-border-radius-bottom-right:0px;--awb-border-radius-bottom-left:0px;--awb-padding-top:20px;--awb-padding-right:5%;--awb-padding-bottom:20px;--awb-padding-left:5%;--awb-background-color:#e7ecf9;--awb-border-sizes-top:0px;--awb-border-sizes-bottom:0px;--awb-flex-wrap:wrap;\" id=\"besthotelsection\" ><div class=\"fusion-builder-row fusion-row fusion-flex-align-items-flex-start fusion-flex-content-wrap\" style=\"width:104% !important;max-width:104% !important;margin-left: calc(-4% \/ 2 );margin-right: calc(-4% \/ 2 );\"><div class=\"fusion-layout-column fusion_builder_column fusion-builder-column-18 fusion_builder_column_1_1 1_1 fusion-flex-column fusion-flex-align-self-flex-start fusion-column-no-min-height\" style=\"--awb-bg-size:cover;--awb-width-large:100%;--awb-margin-top-large:0px;--awb-spacing-right-large:1.92%;--awb-margin-bottom-large:0px;--awb-spacing-left-large:1.92%;--awb-width-medium:100%;--awb-spacing-right-medium:1.92%;--awb-spacing-left-medium:1.92%;--awb-width-small:100%;--awb-spacing-right-small:1.92%;--awb-spacing-left-small:1.92%;\"><div class=\"fusion-column-wrapper fusion-flex-justify-content-flex-start fusion-content-layout-column\"><div class=\"fusion-text fusion-text-24\"><p style=\"text-align: center;\"><span style=\"color: #957f55;\"><a style=\"color: #957f55;\" href=\"#\"><strong>\u21d1 NACH OBEN<\/strong><\/a><\/span><\/p>\n<\/div><div class=\"fusion-separator fusion-full-width-sep\" style=\"align-self: center;margin-left: auto;margin-right: auto;margin-top:35px;width:100%;\"><\/div><div class=\"fusion-text fusion-text-25\"><h2 style=\"text-align: center; font-size: 32px;\">MALAGAS BESTE HOTELS<\/h2>\n<\/div><div class=\"fusion-separator fusion-full-width-sep\" style=\"align-self: center;margin-left: auto;margin-right: auto;margin-top:35px;width:100%;\"><\/div><\/div><\/div><div class=\"fusion-layout-column fusion_builder_column fusion-builder-column-19 fusion_builder_column_1_2 1_2 fusion-flex-column\" style=\"--awb-bg-size:cover;--awb-width-large:50%;--awb-margin-top-large:0px;--awb-spacing-right-large:3.84%;--awb-margin-bottom-large:20px;--awb-spacing-left-large:3.84%;--awb-width-medium:100%;--awb-spacing-right-medium:1.92%;--awb-spacing-left-medium:1.92%;--awb-width-small:100%;--awb-spacing-right-small:1.92%;--awb-spacing-left-small:1.92%;\"><div class=\"fusion-column-wrapper fusion-flex-justify-content-flex-start fusion-content-layout-column\"><div class=\"fusion-text fusion-text-26\"><p><span style=\"color: #bc503e;\"><strong>Molina Lario Hotel<\/strong><\/span><br \/>Zweifellos sind die Liebe zum Detail und der exzellente Service die Grundprinzipien dieses Hotels. Hervorragend gelegen, bietet es moderne Einrichtungen nur wenige Meter von der Kathedrale und der emblematischen Larios Stra\u00dfe, dem Zentrum unserer Stadt, entfernt. Perfekt um ein paar Tapas zu vernaschen, da es von Restaurants und Bars umgeben ist. Das Hotel hat eine herrliche Aussicht von der Terrasse, Pool inklusive. Wir lieben das Caf\u00e9, Caf\u00e9 Bolsa. Ideal f\u00fcr Familien: das Hotel bietet Kinderbetreuung und Babysitter-Service.<\/p>\n<p><i class=\"fb-icon-element-1 fb-icon-element fontawesome-icon fa fa-map-marker circle-no fusion-text-flow\" style=\"--awb-iconcolor:#bc503e;--awb-iconcolor-hover:#bc503e;--awb-font-size:32px;--awb-margin-right:16px;\"><\/i>Calle Molina Lario, 20.<\/p>\n<p><i class=\"fb-icon-element-2 fb-icon-element fontawesome-icon fa fa-phone circle-no fusion-text-flow\" style=\"--awb-iconcolor:#bc503e;--awb-iconcolor-hover:#bc503e;--awb-font-size:32px;--awb-margin-right:16px;\"><\/i>T. +34 952 062 002\u00a0 T. +34 952 062 001<\/p>\n<p><i class=\"fb-icon-element-3 fb-icon-element fontawesome-icon fa fa-globe circle-no fusion-text-flow\" style=\"--awb-iconcolor:#bc503e;--awb-iconcolor-hover:#bc503e;--awb-font-size:32px;--awb-margin-right:16px;\"><\/i><a href=\"https:\/\/www.booking.com\/hotel\/es\/molina-lario.en.html?aid=1923008&amp;no_rooms=1&amp;group_adults=2&amp;room1=A%2CA&amp;label=Molina_Lario\" target=\"_blank\" rel=\"noopener noreferrer\">Jetzt Buchen<\/a><\/p>\n<p><i class=\"fb-icon-element-4 fb-icon-element fontawesome-icon fa fa-usd circle-no fusion-text-flow\" style=\"--awb-iconcolor:#bc503e;--awb-iconcolor-hover:#bc503e;--awb-font-size:32px;--awb-margin-right:16px;\"><\/i>Zimmer ab \u20ac140 pro Nacht.<\/p>\n<\/div><\/div><\/div><div class=\"fusion-layout-column fusion_builder_column fusion-builder-column-20 fusion_builder_column_1_2 1_2 fusion-flex-column\" style=\"--awb-bg-size:cover;--awb-width-large:50%;--awb-margin-top-large:0px;--awb-spacing-right-large:3.84%;--awb-margin-bottom-large:20px;--awb-spacing-left-large:3.84%;--awb-width-medium:100%;--awb-spacing-right-medium:1.92%;--awb-spacing-left-medium:1.92%;--awb-width-small:100%;--awb-spacing-right-small:1.92%;--awb-spacing-left-small:1.92%;\"><div class=\"fusion-column-wrapper fusion-flex-justify-content-flex-start fusion-content-layout-column\"><div class=\"fusion-text fusion-text-27\"><p><span style=\"color: #bc503e;\"><strong>M\u00e1laga Palacio Hotel<\/strong><\/span><br \/>Dieses Hotel ist das bedeutendste der Stadt. Es wurde 1966 er\u00f6ffnet und seitdem hat man es an die neuen Bed\u00fcrfnisse seiner Kunden mit unterschiedlichen Renovierungen angepasst, damit es jetzt immernoch einen tadellosen Service und Einrichtungen anbietet. Es hat \u00fcber 200 Zimmer und historisch gesehen war (und ist) es das Hotel in dem die Schauspieler, K\u00fcnstler, Musiker und Prominente, die die Stadt besuchten, sich unterbrachten. Das Hotel liegt nur wenige Meter von der Kathedrale entfernt und bietet einen herrlichen Blick auf Malaga und den Hafen von der Terrasse (mit Pool), die man nicht verpassen sollte, auch wenn man sich nicht dazu entschieden hat, in diesem Hotel zu \u00fcbernachten. Es lohnt sich auf jeden Fall.<\/p>\n<p><i class=\"fb-icon-element-5 fb-icon-element fontawesome-icon fa fa-map-marker circle-no fusion-text-flow\" style=\"--awb-iconcolor:#bc503e;--awb-iconcolor-hover:#bc503e;--awb-font-size:32px;--awb-margin-right:16px;\"><\/i>Calle Cortina del Muelle, 1.<\/p>\n<p><i class=\"fb-icon-element-6 fb-icon-element fontawesome-icon fa fa-phone circle-no fusion-text-flow\" style=\"--awb-iconcolor:#bc503e;--awb-iconcolor-hover:#bc503e;--awb-font-size:32px;--awb-margin-right:16px;\"><\/i>T. +34952215185<\/p>\n<p><i class=\"fb-icon-element-7 fb-icon-element fontawesome-icon fa fa-globe circle-no fusion-text-flow\" style=\"--awb-iconcolor:#bc503e;--awb-iconcolor-hover:#bc503e;--awb-font-size:32px;--awb-margin-right:16px;\"><\/i><a href=\"https:\/\/www.booking.com\/hotel\/es\/acmalagapalacio.en.html?aid=1923008&amp;no_rooms=1&amp;group_adults=2&amp;room1=A%2CA&amp;label=Molina_Lario\" target=\"_blank\" rel=\"noopener noreferrer\">Jetzt Buchen<\/a><\/p>\n<p><i class=\"fb-icon-element-8 fb-icon-element fontawesome-icon fa fa-usd circle-no fusion-text-flow\" style=\"--awb-iconcolor:#bc503e;--awb-iconcolor-hover:#bc503e;--awb-font-size:32px;--awb-margin-right:16px;\"><\/i>Zimmer ab \u20ac130 pro Nacht.<\/p>\n<\/div><\/div><\/div><div class=\"fusion-layout-column fusion_builder_column fusion-builder-column-21 fusion_builder_column_1_2 1_2 fusion-flex-column\" style=\"--awb-bg-size:cover;--awb-width-large:50%;--awb-margin-top-large:0px;--awb-spacing-right-large:3.84%;--awb-margin-bottom-large:20px;--awb-spacing-left-large:3.84%;--awb-width-medium:100%;--awb-spacing-right-medium:1.92%;--awb-spacing-left-medium:1.92%;--awb-width-small:100%;--awb-spacing-right-small:1.92%;--awb-spacing-left-small:1.92%;\"><div class=\"fusion-column-wrapper fusion-flex-justify-content-flex-start fusion-content-layout-column\"><div class=\"fusion-text fusion-text-28\"><p><span style=\"color: #bc503e;\"><strong>Parador de M\u00e1laga Gibralfaro<\/strong><\/span><\/p>\n<p>Dieses 4-Sterne-Hotel liegt direkt auf dem Gibralfaro-Berg. Ein Steingeb\u00e4ude mit klassischem und elegantem Dekor, Holzdecken und antiken M\u00f6beln. Das Beste: die ausgezeichnete Aussicht auf die Stadt und die Bucht. Die Dachterrasse hat ein Schwimmbad und Solarium.<\/p>\n<p><i class=\"fb-icon-element-9 fb-icon-element fontawesome-icon fa fa-map-marker circle-no fusion-text-flow\" style=\"--awb-iconcolor:#bc503e;--awb-iconcolor-hover:#bc503e;--awb-font-size:32px;--awb-margin-right:16px;\"><\/i>Camino de Gibralfaro, s\/n.<\/p>\n<p><i class=\"fb-icon-element-10 fb-icon-element fontawesome-icon fa fa-phone circle-no fusion-text-flow\" style=\"--awb-iconcolor:#bc503e;--awb-iconcolor-hover:#bc503e;--awb-font-size:32px;--awb-margin-right:16px;\"><\/i>T. +34952221902<\/p>\n<p><i class=\"fb-icon-element-11 fb-icon-element fontawesome-icon fa fa-globe circle-no fusion-text-flow\" style=\"--awb-iconcolor:#bc503e;--awb-iconcolor-hover:#bc503e;--awb-font-size:32px;--awb-margin-right:16px;\"><\/i><a href=\"https:\/\/www.booking.com\/hotel\/es\/parador-de-malaga-gibralfaro.en.html?aid=1923008&amp;no_rooms=1&amp;group_adults=2&amp;room1=A%2CA&amp;label=Molina_Lario\" target=\"_blank\" rel=\"noopener noreferrer\">Jetzt Buchen<\/a><\/p>\n<p><i class=\"fb-icon-element-12 fb-icon-element fontawesome-icon fa fa-usd circle-no fusion-text-flow\" style=\"--awb-iconcolor:#bc503e;--awb-iconcolor-hover:#bc503e;--awb-font-size:32px;--awb-margin-right:16px;\"><\/i>Zimmer ab \u20ac180 pro Nacht.<\/p>\n<\/div><\/div><\/div><div class=\"fusion-layout-column fusion_builder_column fusion-builder-column-22 fusion_builder_column_1_2 1_2 fusion-flex-column\" style=\"--awb-bg-size:cover;--awb-width-large:50%;--awb-margin-top-large:0px;--awb-spacing-right-large:3.84%;--awb-margin-bottom-large:20px;--awb-spacing-left-large:3.84%;--awb-width-medium:100%;--awb-spacing-right-medium:1.92%;--awb-spacing-left-medium:1.92%;--awb-width-small:100%;--awb-spacing-right-small:1.92%;--awb-spacing-left-small:1.92%;\"><div class=\"fusion-column-wrapper fusion-flex-justify-content-flex-start fusion-content-layout-column\"><div class=\"fusion-text fusion-text-29\"><p><span style=\"color: #bc503e;\"><strong>Vincci Selecci\u00f3n Posada del Patio Hotel<\/strong><\/span><br \/>Wir lieben dieses Hotel. Elegant, modern, tadellos und freundlicher Service, sehr ger\u00e4umig und angenehm. Das einzige 5-Sterne-Hotel was sich im historischen Zentrum befindet (5 Minuten von Calle Larios entfernt). Das Hotel verf\u00fcgt \u00fcber 106 Zimmer, Suiten und Junior Suiten und liegt nur wenige Meter vom Atarazanas Lebensmittelmarkt und der Plaza Camas, Pozos Dulces und der Carreter\u00eda Stra\u00dfe entfernt. Aufbl\u00fchende, neue Nachbarschaft mit vielen interessanten Bars und Gesch\u00e4ften. Von dem Foyer aus haben Sie direkten Zugang zur alten Stadtmauer und ausserdem haben sie einen Pool auf der Dachterrasse mit einer herrlichen Aussicht.<\/p>\n<p><i class=\"fb-icon-element-13 fb-icon-element fontawesome-icon fa fa-map-marker circle-no fusion-text-flow\" style=\"--awb-iconcolor:#bc503e;--awb-iconcolor-hover:#bc503e;--awb-font-size:32px;--awb-margin-right:16px;\"><\/i>Pasillo de Santa Isabel, 7.<\/p>\n<p><i class=\"fb-icon-element-14 fb-icon-element fontawesome-icon fa fa-phone circle-no fusion-text-flow\" style=\"--awb-iconcolor:#bc503e;--awb-iconcolor-hover:#bc503e;--awb-font-size:32px;--awb-margin-right:16px;\"><\/i>T. +34 952 062 002\u00a0 T. +34951001020<\/p>\n<p><i class=\"fb-icon-element-15 fb-icon-element fontawesome-icon fa fa-globe circle-no fusion-text-flow\" style=\"--awb-iconcolor:#bc503e;--awb-iconcolor-hover:#bc503e;--awb-font-size:32px;--awb-margin-right:16px;\"><\/i><a href=\"https:\/\/www.booking.com\/hotel\/es\/vincci-seleccion-posada-del-patio-malaga.en.html?aid=1923008&amp;no_rooms=1&amp;group_adults=2&amp;room1=A%2CA&amp;label=Molina_Lario\" target=\"_blank\" rel=\"noopener noreferrer\">Jetzt Buchen<\/a><\/p>\n<p><i class=\"fb-icon-element-16 fb-icon-element fontawesome-icon fa fa-usd circle-no fusion-text-flow\" style=\"--awb-iconcolor:#bc503e;--awb-iconcolor-hover:#bc503e;--awb-font-size:32px;--awb-margin-right:16px;\"><\/i>Zimmer zwischen \u20ac200 und \u20ac600 pro Nacht.<\/p>\n<\/div><\/div><\/div><div class=\"fusion-layout-column fusion_builder_column fusion-builder-column-23 fusion_builder_column_1_2 1_2 fusion-flex-column\" style=\"--awb-bg-size:cover;--awb-width-large:50%;--awb-margin-top-large:0px;--awb-spacing-right-large:3.84%;--awb-margin-bottom-large:20px;--awb-spacing-left-large:3.84%;--awb-width-medium:100%;--awb-spacing-right-medium:1.92%;--awb-spacing-left-medium:1.92%;--awb-width-small:100%;--awb-spacing-right-small:1.92%;--awb-spacing-left-small:1.92%;\"><div class=\"fusion-column-wrapper fusion-flex-justify-content-flex-start fusion-content-layout-column\"><div class=\"fusion-text fusion-text-30\"><p><span style=\"color: #bc503e;\"><strong>Room Mate Valeria<\/strong><\/span><br \/>K\u00fcrzlich er\u00f6ffnetes Boutique-Hotel mit restaurierter Fassade des achtzehnten und neunzehnten Jahrhunderts und inspiriert von den G\u00e4rten der Stadt. G\u00fcnstig gelegen, gegen\u00fcber des Haupttores des Hafens und im Zentrum von Malaga. Es hat ein modernes, aber gem\u00fctliches Design. Genie\u00dfen Sie einen Cocktail, einen wundersch\u00f6nen Ausblick und gute Musik auf der andalusischen Terrasse.<\/p>\n<p><i class=\"fb-icon-element-17 fb-icon-element fontawesome-icon fa fa-map-marker circle-no fusion-text-flow\" style=\"--awb-iconcolor:#bc503e;--awb-iconcolor-hover:#bc503e;--awb-font-size:32px;--awb-margin-right:16px;\"><\/i>Plaza del Poeta Alfonso Canales, 5.<\/p>\n<p><i class=\"fb-icon-element-18 fb-icon-element fontawesome-icon fa fa-phone circle-no fusion-text-flow\" style=\"--awb-iconcolor:#bc503e;--awb-iconcolor-hover:#bc503e;--awb-font-size:32px;--awb-margin-right:16px;\"><\/i>T. +34 952060401<i class=\"fb-icon-element-19 fb-icon-element fontawesome-icon fa fa-globe circle-no fusion-text-flow\" style=\"--awb-iconcolor:#bc503e;--awb-iconcolor-hover:#bc503e;--awb-font-size:32px;--awb-margin-right:16px;\"><\/i><a href=\"https:\/\/www.booking.com\/hotel\/es\/room-mate-valeria.en.html?aid=1923008&amp;no_rooms=1&amp;group_adults=2&amp;room1=A%2CA&amp;label=Molina_Lario\" target=\"_blank\" rel=\"noopener noreferrer\">Jetzt Buchen<\/a><\/p>\n<p><i class=\"fb-icon-element-20 fb-icon-element fontawesome-icon fa fa-usd circle-no fusion-text-flow\" style=\"--awb-iconcolor:#bc503e;--awb-iconcolor-hover:#bc503e;--awb-font-size:32px;--awb-margin-right:16px;\"><\/i>Zimmer ab \u20ac125 pro Nacht.<\/p>\n<\/div><\/div><\/div><div class=\"fusion-layout-column fusion_builder_column fusion-builder-column-24 fusion_builder_column_1_2 1_2 fusion-flex-column\" style=\"--awb-bg-size:cover;--awb-width-large:50%;--awb-margin-top-large:0px;--awb-spacing-right-large:3.84%;--awb-margin-bottom-large:20px;--awb-spacing-left-large:3.84%;--awb-width-medium:100%;--awb-spacing-right-medium:1.92%;--awb-spacing-left-medium:1.92%;--awb-width-small:100%;--awb-spacing-right-small:1.92%;--awb-spacing-left-small:1.92%;\"><div class=\"fusion-column-wrapper fusion-flex-justify-content-flex-start fusion-content-layout-column\"><div class=\"fusion-text fusion-text-31\"><p><span style=\"color: #bc503e;\"><strong>Hotel del Pintor<\/strong><\/span><br \/>Kleines Hotel mit 17 Zimmern auf der Alamos-Stra\u00dfe, nur 3 Minuten von der ber\u00fchmten Plaza de la Merced und ca. 5 Minuten vom Picasso-Museum entfernt. Dieser Bereich der Stadt ist voll mit Restaurants und Tapas-Bars. Es wurde mit Werken des K\u00fcnstlers Pepe Bornoy aus Malaga dekoriert. Preislich gut, komfortabel und sehr zentral.<\/p>\n<p><i class=\"fb-icon-element-21 fb-icon-element fontawesome-icon fa fa-map-marker circle-no fusion-text-flow\" style=\"--awb-iconcolor:#bc503e;--awb-iconcolor-hover:#bc503e;--awb-font-size:32px;--awb-margin-right:16px;\"><\/i>Calle \u00c1lamos, 27.<\/p>\n<p><i class=\"fb-icon-element-22 fb-icon-element fontawesome-icon fa fa-phone circle-no fusion-text-flow\" style=\"--awb-iconcolor:#bc503e;--awb-iconcolor-hover:#bc503e;--awb-font-size:32px;--awb-margin-right:16px;\"><\/i>T. +34 952060980<\/p>\n<p><i class=\"fb-icon-element-23 fb-icon-element fontawesome-icon fa fa-globe circle-no fusion-text-flow\" style=\"--awb-iconcolor:#bc503e;--awb-iconcolor-hover:#bc503e;--awb-font-size:32px;--awb-margin-right:16px;\"><\/i><a href=\"https:\/\/www.booking.com\/hotel\/es\/del-pintor.en.html?aid=1923008&amp;no_rooms=1&amp;group_adults=2&amp;room1=A%2CA&amp;label=Molina_Lario\" target=\"_blank\" rel=\"noopener noreferrer\">Jetzt Buchen<\/a><\/p>\n<p><i class=\"fb-icon-element-24 fb-icon-element fontawesome-icon fa fa-usd circle-no fusion-text-flow\" style=\"--awb-iconcolor:#bc503e;--awb-iconcolor-hover:#bc503e;--awb-font-size:32px;--awb-margin-right:16px;\"><\/i>Doppelzimmer ab \u20ac85.<\/p>\n<\/div><\/div><\/div><div class=\"fusion-layout-column fusion_builder_column fusion-builder-column-25 fusion_builder_column_1_2 1_2 fusion-flex-column\" style=\"--awb-bg-size:cover;--awb-width-large:50%;--awb-margin-top-large:0px;--awb-spacing-right-large:3.84%;--awb-margin-bottom-large:20px;--awb-spacing-left-large:3.84%;--awb-width-medium:100%;--awb-spacing-right-medium:1.92%;--awb-spacing-left-medium:1.92%;--awb-width-small:100%;--awb-spacing-right-small:1.92%;--awb-spacing-left-small:1.92%;\"><div class=\"fusion-column-wrapper fusion-flex-justify-content-flex-start fusion-content-layout-column\"><div class=\"fusion-text fusion-text-32\"><p><span style=\"color: #bc503e;\"><strong>Hostel Dulces Dreams<\/strong><\/span><br \/>Diese neu er\u00f6ffnete Vintage-Boutique-Herberge ist charmant und sehr gastfreundlich. Sie befindet sich neben der Kirche der M\u00e4rtyrer im Zentrum von Malaga. Wir empfehlen Ihnen ihre frisch zubereiteten S\u00e4fte und Cocktails auf der Dachterrasse in der D\u00e4mmerung zu genie\u00dfen. Perfekt f\u00fcr den Besuch des Stadtzentrums.<\/p>\n<p><i class=\"fb-icon-element-25 fb-icon-element fontawesome-icon fa fa-map-marker circle-no fusion-text-flow\" style=\"--awb-iconcolor:#bc503e;--awb-iconcolor-hover:#bc503e;--awb-font-size:32px;--awb-margin-right:16px;\"><\/i>Plaza de los M\u00e1rtires, 6.<\/p>\n<p><i class=\"fb-icon-element-26 fb-icon-element fontawesome-icon fa fa-phone circle-no fusion-text-flow\" style=\"--awb-iconcolor:#bc503e;--awb-iconcolor-hover:#bc503e;--awb-font-size:32px;--awb-margin-right:16px;\"><\/i>T. +34 951357869<\/p>\n<p><i class=\"fb-icon-element-27 fb-icon-element fontawesome-icon fa fa-globe circle-no fusion-text-flow\" style=\"--awb-iconcolor:#bc503e;--awb-iconcolor-hover:#bc503e;--awb-font-size:32px;--awb-margin-right:16px;\"><\/i><a href=\"https:\/\/www.booking.com\/hotel\/es\/dulces-dreams.en.html?aid=1923008&amp;no_rooms=1&amp;group_adults=2&amp;room1=A%2CA&amp;label=Molina_Lario\" target=\"_blank\" rel=\"noopener noreferrer\">Jetzt Buchen<\/a><\/p>\n<p><i class=\"fb-icon-element-28 fb-icon-element fontawesome-icon fa fa-usd circle-no fusion-text-flow\" style=\"--awb-iconcolor:#bc503e;--awb-iconcolor-hover:#bc503e;--awb-font-size:32px;--awb-margin-right:16px;\"><\/i>Doppelzimmer ab \u20ac60.<\/p>\n<\/div><\/div><\/div><div class=\"fusion-layout-column fusion_builder_column fusion-builder-column-26 fusion_builder_column_1_2 1_2 fusion-flex-column\" style=\"--awb-bg-size:cover;--awb-width-large:50%;--awb-margin-top-large:0px;--awb-spacing-right-large:3.84%;--awb-margin-bottom-large:20px;--awb-spacing-left-large:3.84%;--awb-width-medium:100%;--awb-spacing-right-medium:1.92%;--awb-spacing-left-medium:1.92%;--awb-width-small:100%;--awb-spacing-right-small:1.92%;--awb-spacing-left-small:1.92%;\"><div class=\"fusion-column-wrapper fusion-flex-justify-content-flex-start fusion-content-layout-column\"><div class=\"fusion-text fusion-text-33\"><p><span style=\"color: #bc503e;\"><strong>Petit Palace Hotel<\/strong><\/span><br \/>Funktionell und ideal f\u00fcr Familien. Dieser ehemalige Palast des zwanzigsten Jahrhunderts, sch\u00f6n renoviert, befindet sich zwischen der Plaza de la Constituci\u00f3n und Larios Strasse. Perfekt f\u00fcr einen Besuchs des historischen Zentrums, Denkm\u00e4ler, Museen, um ein paar Tapas zu verkosten oder Shopping. Das Hotel bietet eine Vielzahl an Zimmern von Einzel-bis F\u00fcnffach und Sie k\u00f6nnen sogar ein kostenloses iPad f\u00fcr Ihr Zimmer w\u00e4hrend Ihres Aufenthaltes anfordern. Sie haben auch einen Fahrradverleih, Kinderwagen und Babysitze.<\/p>\n<p><i class=\"fb-icon-element-29 fb-icon-element fontawesome-icon fa fa-map-marker circle-no fusion-text-flow\" style=\"--awb-iconcolor:#bc503e;--awb-iconcolor-hover:#bc503e;--awb-font-size:32px;--awb-margin-right:16px;\"><\/i>Calle Nicasio Calle, 3.<\/p>\n<p><i class=\"fb-icon-element-30 fb-icon-element fontawesome-icon fa fa-phone circle-no fusion-text-flow\" style=\"--awb-iconcolor:#bc503e;--awb-iconcolor-hover:#bc503e;--awb-font-size:32px;--awb-margin-right:16px;\"><\/i>T. +34 952222132<\/p>\n<p><i class=\"fb-icon-element-31 fb-icon-element fontawesome-icon fa fa-globe circle-no fusion-text-flow\" style=\"--awb-iconcolor:#bc503e;--awb-iconcolor-hover:#bc503e;--awb-font-size:32px;--awb-margin-right:16px;\"><\/i><a href=\"https:\/\/www.booking.com\/hotel\/es\/petit-palace-plaza.en.html?aid=1923008&amp;no_rooms=1&amp;group_adults=2&amp;room1=A%2CA&amp;label=Molina_Lario\" target=\"_blank\" rel=\"noopener noreferrer\">Jetzt Buchen<\/a><\/p>\n<p><i class=\"fb-icon-element-32 fb-icon-element fontawesome-icon fa fa-usd circle-no fusion-text-flow\" style=\"--awb-iconcolor:#bc503e;--awb-iconcolor-hover:#bc503e;--awb-font-size:32px;--awb-margin-right:16px;\"><\/i>Zimmer ab \u20ac165 pro Nacht.<\/p>\n<\/div><\/div><\/div><div class=\"fusion-layout-column fusion_builder_column fusion-builder-column-27 fusion_builder_column_1_2 1_2 fusion-flex-column\" style=\"--awb-bg-size:cover;--awb-width-large:50%;--awb-margin-top-large:0px;--awb-spacing-right-large:3.84%;--awb-margin-bottom-large:20px;--awb-spacing-left-large:3.84%;--awb-width-medium:100%;--awb-spacing-right-medium:1.92%;--awb-spacing-left-medium:1.92%;--awb-width-small:100%;--awb-spacing-right-small:1.92%;--awb-spacing-left-small:1.92%;\"><div class=\"fusion-column-wrapper fusion-flex-justify-content-flex-start fusion-content-layout-column\"><div class=\"fusion-text fusion-text-34\"><p><span style=\"color: #bc503e;\"><strong>La Chancla Hotel<\/strong><\/span><br \/>Das Chancla ist ein kleines und gem\u00fctliches 3-Sterne-Hotel auf der Promenade von Pedregalejo, historisch ein Fischerviertel. Ein paar Meter vom Meer entfernt, k\u00f6nnen Sie diesen sch\u00f6nen und ruhigen Teil Malagas geniessen, der gut mit dem historischen Zentrum verbunden ist. Wir lieben den Blick auf die Bucht von Malaga von seiner Terrasse- der perfekte Ort, um den Sonnenuntergang zu sehen.<\/p>\n<p><i class=\"fb-icon-element-33 fb-icon-element fontawesome-icon fa fa-map-marker circle-no fusion-text-flow\" style=\"--awb-iconcolor:#bc503e;--awb-iconcolor-hover:#bc503e;--awb-font-size:32px;--awb-margin-right:16px;\"><\/i>Calle Cenacheros, 54.<\/p>\n<p><i class=\"fb-icon-element-34 fb-icon-element fontawesome-icon fa fa-phone circle-no fusion-text-flow\" style=\"--awb-iconcolor:#bc503e;--awb-iconcolor-hover:#bc503e;--awb-font-size:32px;--awb-margin-right:16px;\"><\/i>T. +34 952206900<\/p>\n<p><i class=\"fb-icon-element-35 fb-icon-element fontawesome-icon fa fa-globe circle-no fusion-text-flow\" style=\"--awb-iconcolor:#bc503e;--awb-iconcolor-hover:#bc503e;--awb-font-size:32px;--awb-margin-right:16px;\"><\/i><a href=\"https:\/\/www.booking.com\/hotel\/es\/la-chancla.en.html?aid=1923008&amp;no_rooms=1&amp;group_adults=2&amp;room1=A%2CA&amp;label=Molina_Lario\" target=\"_blank\" rel=\"noopener noreferrer\">Jetzt Buchen<\/a><\/p>\n<p><i class=\"fb-icon-element-36 fb-icon-element fontawesome-icon fa fa-usd circle-no fusion-text-flow\" style=\"--awb-iconcolor:#bc503e;--awb-iconcolor-hover:#bc503e;--awb-font-size:32px;--awb-margin-right:16px;\"><\/i>Doppelzimmer ab \u20ac80 in Hochsaison.<\/p>\n<\/div><\/div><\/div><div class=\"fusion-layout-column fusion_builder_column fusion-builder-column-28 fusion_builder_column_1_2 1_2 fusion-flex-column\" style=\"--awb-bg-size:cover;--awb-width-large:50%;--awb-margin-top-large:0px;--awb-spacing-right-large:3.84%;--awb-margin-bottom-large:20px;--awb-spacing-left-large:3.84%;--awb-width-medium:100%;--awb-spacing-right-medium:1.92%;--awb-spacing-left-medium:1.92%;--awb-width-small:100%;--awb-spacing-right-small:1.92%;--awb-spacing-left-small:1.92%;\"><div class=\"fusion-column-wrapper fusion-flex-justify-content-flex-start fusion-content-layout-column\"><div class=\"fusion-text fusion-text-35\"><p><span style=\"color: #bc503e;\"><strong>Gran Hotel Miramar M\u00e1laga<\/strong><\/span><br \/>Er\u00f6ffnet als &#8220;Hotel Pr\u00edncipe de Asturias&#8221; im Jahr 1926, wurde es w\u00e4hrend seiner Geschichte als Feldkrankenhaus w\u00e4hrend des Spanischen B\u00fcrgerkrieges genutzt und sp\u00e4ter zum Gerichtsgeb\u00e4ude unserer Stadt. Jetzt, Jahrzehnte sp\u00e4ter, \u00f6ffnet es erneut seine T\u00fcren mit 200 Zimmern, um wieder zum &#8220;Grand Miramar Hotel&#8221; von Malaga zu werden. Das Hotel liegt am Paseo de Reding in der Malagueta Nachbarschaft, direkt gegen\u00fcber der Promenade und man kann ohne Probleme zum historischen Stadtzentrum laufen.<\/p>\n<p><i class=\"fb-icon-element-37 fb-icon-element fontawesome-icon fa fa-map-marker circle-no fusion-text-flow\" style=\"--awb-iconcolor:#bc503e;--awb-iconcolor-hover:#bc503e;--awb-font-size:32px;--awb-margin-right:16px;\"><\/i>Paseo de Reding, 22.<\/p>\n<p><i class=\"fb-icon-element-38 fb-icon-element fontawesome-icon fa fa-phone circle-no fusion-text-flow\" style=\"--awb-iconcolor:#bc503e;--awb-iconcolor-hover:#bc503e;--awb-font-size:32px;--awb-margin-right:16px;\"><\/i>T. +34 952603000<\/p>\n<p><i class=\"fb-icon-element-39 fb-icon-element fontawesome-icon fa fa-globe circle-no fusion-text-flow\" style=\"--awb-iconcolor:#bc503e;--awb-iconcolor-hover:#bc503e;--awb-font-size:32px;--awb-margin-right:16px;\"><\/i><a href=\"https:\/\/www.booking.com\/hotel\/es\/gran-miramar.en.html?aid=1923008&amp;no_rooms=1&amp;group_adults=2&amp;room1=A%2CA&amp;label=Molina_Lario\" target=\"_blank\" rel=\"noopener noreferrer\">Jetzt Buchen<\/a><\/p>\n<p><i class=\"fb-icon-element-40 fb-icon-element fontawesome-icon fa fa-usd circle-no fusion-text-flow\" style=\"--awb-iconcolor:#bc503e;--awb-iconcolor-hover:#bc503e;--awb-font-size:32px;--awb-margin-right:16px;\"><\/i>Preise ab 200\u20ac.<\/p>\n<\/div><\/div><\/div><div class=\"fusion-layout-column fusion_builder_column fusion-builder-column-29 fusion_builder_column_1_2 1_2 fusion-flex-column\" style=\"--awb-bg-size:cover;--awb-width-large:50%;--awb-margin-top-large:0px;--awb-spacing-right-large:3.84%;--awb-margin-bottom-large:20px;--awb-spacing-left-large:3.84%;--awb-width-medium:100%;--awb-spacing-right-medium:1.92%;--awb-spacing-left-medium:1.92%;--awb-width-small:100%;--awb-spacing-right-small:1.92%;--awb-spacing-left-small:1.92%;\"><div class=\"fusion-column-wrapper fusion-flex-justify-content-flex-start fusion-content-layout-column\"><div class=\"fusion-text fusion-text-36\"><p><span style=\"color: #bc503e;\"><strong>Vacaciones Espa\u00f1a<\/strong><\/span><\/p>\n<p>Wenn Sie es vorziehen, eine Wohnung oder Villa im historischen Zentrum der Stadt oder der Costa del Sol zu mieten, empfehlen wir Ihnen diese Firma aus Malaga. Sie sind spezialisiert auf eine Auswahl von H\u00e4usern, in denen Freunde und Familie ihren Aufenthalt zusammen in Malaga genie\u00dfen k\u00f6nnen.<\/p>\n<p><i class=\"fb-icon-element-41 fb-icon-element fontawesome-icon fa fa-map-marker circle-no fusion-text-flow\" style=\"--awb-iconcolor:#bc503e;--awb-iconcolor-hover:#bc503e;--awb-font-size:32px;--awb-margin-right:16px;\"><\/i>Paseo Cerrado de Calderon 13 local 41<\/p>\n<p><i class=\"fb-icon-element-42 fb-icon-element fontawesome-icon fa fa-phone circle-no fusion-text-flow\" style=\"--awb-iconcolor:#bc503e;--awb-iconcolor-hover:#bc503e;--awb-font-size:32px;--awb-margin-right:16px;\"><\/i>T. +34 952 204 435<\/p>\n<p><i class=\"fb-icon-element-43 fb-icon-element fontawesome-icon fa fa-globe circle-no fusion-text-flow\" style=\"--awb-iconcolor:#bc503e;--awb-iconcolor-hover:#bc503e;--awb-font-size:32px;--awb-margin-right:16px;\"><\/i><a href=\"https:\/\/www.vacaciones-espana.es\/\">www.vacaciones-espana.es<\/a><\/p>\n<p><i class=\"fb-icon-element-44 fb-icon-element fontawesome-icon fa fa-usd circle-no fusion-text-flow\" style=\"--awb-iconcolor:#bc503e;--awb-iconcolor-hover:#bc503e;--awb-font-size:32px;--awb-margin-right:16px;\"><\/i>Preise ab 80\u20ac.<\/p>\n<\/div><\/div><\/div><div class=\"fusion-layout-column fusion_builder_column fusion-builder-column-30 fusion_builder_column_1_1 1_1 fusion-flex-column fusion-flex-align-self-flex-start fusion-column-no-min-height\" style=\"--awb-bg-size:cover;--awb-width-large:100%;--awb-margin-top-large:0px;--awb-spacing-right-large:1.92%;--awb-margin-bottom-large:0px;--awb-spacing-left-large:1.92%;--awb-width-medium:100%;--awb-spacing-right-medium:1.92%;--awb-spacing-left-medium:1.92%;--awb-width-small:100%;--awb-spacing-right-small:1.92%;--awb-spacing-left-small:1.92%;\"><div class=\"fusion-column-wrapper fusion-flex-justify-content-flex-start fusion-content-layout-column\"><div class=\"fusion-text fusion-text-37\"><p style=\"text-align: center;\"><span style=\"color: #957f55;\"><a style=\"color: #957f55;\" href=\"#\"><strong>\u21d1 NACH OBEN<\/strong><\/a><\/span><\/p>\n<\/div><\/div><\/div><\/div><\/div><div class=\"fusion-fullwidth fullwidth-box fusion-builder-row-5 fusion-flex-container hundred-percent-fullwidth non-hundred-percent-height-scrolling\" style=\"--awb-background-position:left top;--awb-border-radius-top-left:0px;--awb-border-radius-top-right:0px;--awb-border-radius-bottom-right:0px;--awb-border-radius-bottom-left:0px;--awb-padding-top:20px;--awb-padding-right:5%;--awb-padding-bottom:20px;--awb-padding-left:5%;--awb-background-color:#e7ecf9;--awb-border-sizes-top:0px;--awb-border-sizes-bottom:0px;--awb-flex-wrap:wrap;\" id=\"restaurantsection\" ><div class=\"fusion-builder-row fusion-row fusion-flex-align-items-flex-start fusion-flex-content-wrap\" style=\"width:104% !important;max-width:104% !important;margin-left: calc(-4% \/ 2 );margin-right: calc(-4% \/ 2 );\"><div class=\"fusion-layout-column fusion_builder_column fusion-builder-column-31 fusion_builder_column_1_1 1_1 fusion-flex-column fusion-flex-align-self-flex-start fusion-column-no-min-height\" style=\"--awb-bg-size:cover;--awb-width-large:100%;--awb-margin-top-large:0px;--awb-spacing-right-large:1.92%;--awb-margin-bottom-large:0px;--awb-spacing-left-large:1.92%;--awb-width-medium:100%;--awb-spacing-right-medium:1.92%;--awb-spacing-left-medium:1.92%;--awb-width-small:100%;--awb-spacing-right-small:1.92%;--awb-spacing-left-small:1.92%;\"><div class=\"fusion-column-wrapper fusion-flex-justify-content-flex-start fusion-content-layout-column\"><div class=\"fusion-text fusion-text-38\"><h2 style=\"text-align: center; font-size: 32px;\">MALAGAS BESTE RESTAURANTS<\/h2>\n<\/div><div class=\"fusion-separator fusion-full-width-sep\" style=\"align-self: center;margin-left: auto;margin-right: auto;margin-top:35px;width:100%;\"><\/div><\/div><\/div><div class=\"fusion-layout-column fusion_builder_column fusion-builder-column-32 fusion_builder_column_1_2 1_2 fusion-flex-column\" style=\"--awb-bg-size:cover;--awb-width-large:50%;--awb-margin-top-large:0px;--awb-spacing-right-large:3.84%;--awb-margin-bottom-large:20px;--awb-spacing-left-large:3.84%;--awb-width-medium:100%;--awb-spacing-right-medium:1.92%;--awb-spacing-left-medium:1.92%;--awb-width-small:100%;--awb-spacing-right-small:1.92%;--awb-spacing-left-small:1.92%;\"><div class=\"fusion-column-wrapper fusion-flex-justify-content-flex-start fusion-content-layout-column\"><div class=\"fusion-text fusion-text-39\"><p><span style=\"color: #bc503e;\"><strong>Taberna Uvedoble<\/strong><\/span><br \/>\nTaverne aus dem 21. Jahrhundert. Unverzichtbar. Neue spanische K\u00fcche.<\/p>\n<p><i class=\"fb-icon-element-45 fb-icon-element fontawesome-icon fa fa-map-marker circle-no fusion-text-flow\" style=\"--awb-iconcolor:#bc503e;--awb-iconcolor-hover:#bc503e;--awb-font-size:32px;--awb-margin-right:16px;\"><\/i>Calle C\u00edster 15<\/p>\n<p><i class=\"fb-icon-element-46 fb-icon-element fontawesome-icon fa fa-phone circle-no fusion-text-flow\" style=\"--awb-iconcolor:#bc503e;--awb-iconcolor-hover:#bc503e;--awb-font-size:32px;--awb-margin-right:16px;\"><\/i>T. 951 248 478<\/p>\n<p><i class=\"fb-icon-element-47 fb-icon-element fontawesome-icon fa fa-globe circle-no fusion-text-flow\" style=\"--awb-iconcolor:#bc503e;--awb-iconcolor-hover:#bc503e;--awb-font-size:32px;--awb-margin-right:16px;\"><\/i><a href=\"http:\/\/www.uvedobletaberna.com\/\">www.uvedobletaberna.com<\/a><\/p>\n<p><i class=\"fb-icon-element-48 fb-icon-element fontawesome-icon fa fa-clock-o circle-no fusion-text-flow\" style=\"--awb-iconcolor:#bc503e;--awb-iconcolor-hover:#bc503e;--awb-font-size:32px;--awb-margin-right:16px;\"><\/i>Ge\u00f6ffnet: Mo-Sa von 12.30- 16Uhr\/ 20- 0Uhr (Mitternacht).<\/p>\n<\/div><\/div><\/div><div class=\"fusion-layout-column fusion_builder_column fusion-builder-column-33 fusion_builder_column_1_2 1_2 fusion-flex-column\" style=\"--awb-bg-size:cover;--awb-width-large:50%;--awb-margin-top-large:0px;--awb-spacing-right-large:3.84%;--awb-margin-bottom-large:20px;--awb-spacing-left-large:3.84%;--awb-width-medium:100%;--awb-spacing-right-medium:1.92%;--awb-spacing-left-medium:1.92%;--awb-width-small:100%;--awb-spacing-right-small:1.92%;--awb-spacing-left-small:1.92%;\"><div class=\"fusion-column-wrapper fusion-flex-justify-content-flex-start fusion-content-layout-column\"><div class=\"fusion-text fusion-text-40\"><p><span style=\"color: #bc503e;\"><strong>La Cosmopolita<\/strong><\/span><br \/>\nWunderbares Restaurant mit tollen, hausgemachten Gerichten.<\/p>\n<p><i class=\"fb-icon-element-49 fb-icon-element fontawesome-icon fa fa-map-marker circle-no fusion-text-flow\" style=\"--awb-iconcolor:#bc503e;--awb-iconcolor-hover:#bc503e;--awb-font-size:32px;--awb-margin-right:16px;\"><\/i>Calle Jos\u00e9 Denis Belgrano, 3<\/p>\n<p><i class=\"fb-icon-element-50 fb-icon-element fontawesome-icon fa fa-phone circle-no fusion-text-flow\" style=\"--awb-iconcolor:#bc503e;--awb-iconcolor-hover:#bc503e;--awb-font-size:32px;--awb-margin-right:16px;\"><\/i>T.952 21 58 27<\/p>\n<p><i class=\"fb-icon-element-51 fb-icon-element fontawesome-icon fa fa-clock-o circle-no fusion-text-flow\" style=\"--awb-iconcolor:#bc503e;--awb-iconcolor-hover:#bc503e;--awb-font-size:32px;--awb-margin-right:16px;\"><\/i>Ge\u00f6ffnet: T\u00e4glich von 13 bis 0Uhr (Mitternacht)<\/p>\n<\/div><\/div><\/div><div class=\"fusion-layout-column fusion_builder_column fusion-builder-column-34 fusion_builder_column_1_2 1_2 fusion-flex-column\" style=\"--awb-bg-size:cover;--awb-width-large:50%;--awb-margin-top-large:0px;--awb-spacing-right-large:3.84%;--awb-margin-bottom-large:20px;--awb-spacing-left-large:3.84%;--awb-width-medium:100%;--awb-spacing-right-medium:1.92%;--awb-spacing-left-medium:1.92%;--awb-width-small:100%;--awb-spacing-right-small:1.92%;--awb-spacing-left-small:1.92%;\"><div class=\"fusion-column-wrapper fusion-flex-justify-content-flex-start fusion-content-layout-column\"><div class=\"fusion-text fusion-text-41\"><p><span style=\"color: #bc503e;\"><strong>Mes\u00f3n Mariano<\/strong><\/span><br \/>\nGe\u00f6ffnet seit den 70ern. Die Artischocke ist die \u201cK\u00f6nigin des Hauses\u201d.<\/p>\n<p><i class=\"fb-icon-element-52 fb-icon-element fontawesome-icon fa fa-map-marker circle-no fusion-text-flow\" style=\"--awb-iconcolor:#bc503e;--awb-iconcolor-hover:#bc503e;--awb-font-size:32px;--awb-margin-right:16px;\"><\/i>Calle Granados, 2<\/p>\n<p><i class=\"fb-icon-element-53 fb-icon-element fontawesome-icon fa fa-phone circle-no fusion-text-flow\" style=\"--awb-iconcolor:#bc503e;--awb-iconcolor-hover:#bc503e;--awb-font-size:32px;--awb-margin-right:16px;\"><\/i>T. 952 21 18 99<\/p>\n<p><i class=\"fb-icon-element-54 fb-icon-element fontawesome-icon fa fa-globe circle-no fusion-text-flow\" style=\"--awb-iconcolor:#bc503e;--awb-iconcolor-hover:#bc503e;--awb-font-size:32px;--awb-margin-right:16px;\"><\/i><a href=\"http:\/\/www.restaurantemesonmariano.es\/\">www.restaurantemesonmariano.es<\/a><\/p>\n<p><i class=\"fb-icon-element-55 fb-icon-element fontawesome-icon fa fa-clock-o circle-no fusion-text-flow\" style=\"--awb-iconcolor:#bc503e;--awb-iconcolor-hover:#bc503e;--awb-font-size:32px;--awb-margin-right:16px;\"><\/i>Ge\u00f6ffnet:\u00a0 Di-So von 13- 0Uhr.<\/p>\n<\/div><\/div><\/div><div class=\"fusion-layout-column fusion_builder_column fusion-builder-column-35 fusion_builder_column_1_2 1_2 fusion-flex-column\" style=\"--awb-bg-size:cover;--awb-width-large:50%;--awb-margin-top-large:0px;--awb-spacing-right-large:3.84%;--awb-margin-bottom-large:20px;--awb-spacing-left-large:3.84%;--awb-width-medium:100%;--awb-spacing-right-medium:1.92%;--awb-spacing-left-medium:1.92%;--awb-width-small:100%;--awb-spacing-right-small:1.92%;--awb-spacing-left-small:1.92%;\"><div class=\"fusion-column-wrapper fusion-flex-justify-content-flex-start fusion-content-layout-column\"><div class=\"fusion-text fusion-text-42\"><p><span style=\"color: #bc503e;\"><strong>La Recova<\/strong><\/span><br \/>\nTradition und guter Geschmack. Lokale Gastronomie und Kunsthandwerke .<\/p>\n<p><i class=\"fb-icon-element-56 fb-icon-element fontawesome-icon fa fa-map-marker circle-no fusion-text-flow\" style=\"--awb-iconcolor:#bc503e;--awb-iconcolor-hover:#bc503e;--awb-font-size:32px;--awb-margin-right:16px;\"><\/i>Pje Ntra. Sra. de los Dolores de San Juan, 5<\/p>\n<p><i class=\"fb-icon-element-57 fb-icon-element fontawesome-icon fa fa-phone circle-no fusion-text-flow\" style=\"--awb-iconcolor:#bc503e;--awb-iconcolor-hover:#bc503e;--awb-font-size:32px;--awb-margin-right:16px;\"><\/i>T. 952 21 67 94<\/p>\n<p><i class=\"fb-icon-element-58 fb-icon-element fontawesome-icon fa fa-globe circle-no fusion-text-flow\" style=\"--awb-iconcolor:#bc503e;--awb-iconcolor-hover:#bc503e;--awb-font-size:32px;--awb-margin-right:16px;\"><\/i><a href=\"http:\/\/www.larecova.es\/\">www.larecova.es<\/a><\/p>\n<p><i class=\"fb-icon-element-59 fb-icon-element fontawesome-icon fa fa-clock-o circle-no fusion-text-flow\" style=\"--awb-iconcolor:#bc503e;--awb-iconcolor-hover:#bc503e;--awb-font-size:32px;--awb-margin-right:16px;\"><\/i>Ge\u00f6ffnet: T\u00e4glich von 8.30- 16Uhr.<\/p>\n<\/div><\/div><\/div><div class=\"fusion-layout-column fusion_builder_column fusion-builder-column-36 fusion_builder_column_1_2 1_2 fusion-flex-column\" style=\"--awb-bg-size:cover;--awb-width-large:50%;--awb-margin-top-large:0px;--awb-spacing-right-large:3.84%;--awb-margin-bottom-large:20px;--awb-spacing-left-large:3.84%;--awb-width-medium:100%;--awb-spacing-right-medium:1.92%;--awb-spacing-left-medium:1.92%;--awb-width-small:100%;--awb-spacing-right-small:1.92%;--awb-spacing-left-small:1.92%;\"><div class=\"fusion-column-wrapper fusion-flex-justify-content-flex-start fusion-content-layout-column\"><div class=\"fusion-text fusion-text-43\"><p><span style=\"color: #bc503e;\"><strong>\u00d3leo Restaurant<\/strong><\/span><br \/>\nMediterrane K\u00fcche und Sushi Bar im Moderne Kunst Museum.<\/p>\n<p><i class=\"fb-icon-element-60 fb-icon-element fontawesome-icon fa fa-map-marker circle-no fusion-text-flow\" style=\"--awb-iconcolor:#bc503e;--awb-iconcolor-hover:#bc503e;--awb-font-size:32px;--awb-margin-right:16px;\"><\/i>Calle Alemania, 0<\/p>\n<p><i class=\"fb-icon-element-61 fb-icon-element fontawesome-icon fa fa-phone circle-no fusion-text-flow\" style=\"--awb-iconcolor:#bc503e;--awb-iconcolor-hover:#bc503e;--awb-font-size:32px;--awb-margin-right:16px;\"><\/i>T.952 21 90 62<\/p>\n<p><i class=\"fb-icon-element-62 fb-icon-element fontawesome-icon fa fa-globe circle-no fusion-text-flow\" style=\"--awb-iconcolor:#bc503e;--awb-iconcolor-hover:#bc503e;--awb-font-size:32px;--awb-margin-right:16px;\"><\/i><a href=\"http:\/\/www.oleorestaurante.es\/\">www.oleorestaurante.es<\/a><\/p>\n<p><i class=\"fb-icon-element-63 fb-icon-element fontawesome-icon fa fa-clock-o circle-no fusion-text-flow\" style=\"--awb-iconcolor:#bc503e;--awb-iconcolor-hover:#bc503e;--awb-font-size:32px;--awb-margin-right:16px;\"><\/i>Ge\u00f6ffnet: Di-Sa von 13.30- 16Uhr \/20.30- 0Uhr (Mitternacht). Mo 20.30- 0Uhr (Mitternacht).<\/p>\n<\/div><\/div><\/div><div class=\"fusion-layout-column fusion_builder_column fusion-builder-column-37 fusion_builder_column_1_2 1_2 fusion-flex-column\" style=\"--awb-bg-size:cover;--awb-width-large:50%;--awb-margin-top-large:0px;--awb-spacing-right-large:3.84%;--awb-margin-bottom-large:20px;--awb-spacing-left-large:3.84%;--awb-width-medium:100%;--awb-spacing-right-medium:1.92%;--awb-spacing-left-medium:1.92%;--awb-width-small:100%;--awb-spacing-right-small:1.92%;--awb-spacing-left-small:1.92%;\"><div class=\"fusion-column-wrapper fusion-flex-justify-content-flex-start fusion-content-layout-column\"><div class=\"fusion-text fusion-text-44\"><p><span style=\"color: #bc503e;\"><strong>La Deriva Restaurant<\/strong><\/span><br \/>\nTraditionelle K\u00fcche mit modernem Twist.<\/p>\n<p><i class=\"fb-icon-element-64 fb-icon-element fontawesome-icon fa fa-map-marker circle-no fusion-text-flow\" style=\"--awb-iconcolor:#bc503e;--awb-iconcolor-hover:#bc503e;--awb-font-size:32px;--awb-margin-right:16px;\"><\/i>Alameda Col\u00f3n, 7<\/p>\n<p><i class=\"fb-icon-element-65 fb-icon-element fontawesome-icon fa fa-phone circle-no fusion-text-flow\" style=\"--awb-iconcolor:#bc503e;--awb-iconcolor-hover:#bc503e;--awb-font-size:32px;--awb-margin-right:16px;\"><\/i>T.951 28 69 21<\/p>\n<p><i class=\"fb-icon-element-66 fb-icon-element fontawesome-icon fa fa-clock-o circle-no fusion-text-flow\" style=\"--awb-iconcolor:#bc503e;--awb-iconcolor-hover:#bc503e;--awb-font-size:32px;--awb-margin-right:16px;\"><\/i>Ge\u00f6ffnet: Mo-Fr von 8-1Uhr. Sa von 10-1Uhr. So von 12 (Mittag)-1 Uhr<\/p>\n<\/div><\/div><\/div><div class=\"fusion-layout-column fusion_builder_column fusion-builder-column-38 fusion_builder_column_1_2 1_2 fusion-flex-column\" style=\"--awb-bg-size:cover;--awb-width-large:50%;--awb-margin-top-large:0px;--awb-spacing-right-large:3.84%;--awb-margin-bottom-large:20px;--awb-spacing-left-large:3.84%;--awb-width-medium:100%;--awb-spacing-right-medium:1.92%;--awb-spacing-left-medium:1.92%;--awb-width-small:100%;--awb-spacing-right-small:1.92%;--awb-spacing-left-small:1.92%;\"><div class=\"fusion-column-wrapper fusion-flex-justify-content-flex-start fusion-content-layout-column\"><div class=\"fusion-text fusion-text-45\"><p><span style=\"color: #bc503e;\"><strong>Garc\u00eda Taberna<\/strong><\/span><br \/>\nKleines Restaurant mit viel Charme. Mediterrane Fusion.<\/p>\n<p><i class=\"fb-icon-element-67 fb-icon-element fontawesome-icon fa fa-map-marker circle-no fusion-text-flow\" style=\"--awb-iconcolor:#bc503e;--awb-iconcolor-hover:#bc503e;--awb-font-size:32px;--awb-margin-right:16px;\"><\/i>Calle San Juan de Letr\u00e1n, 17<\/p>\n<p><i class=\"fb-icon-element-68 fb-icon-element fontawesome-icon fa fa-phone circle-no fusion-text-flow\" style=\"--awb-iconcolor:#bc503e;--awb-iconcolor-hover:#bc503e;--awb-font-size:32px;--awb-margin-right:16px;\"><\/i>T. 951 46 52 30<\/p>\n<p><i class=\"fb-icon-element-69 fb-icon-element fontawesome-icon fa fa-clock-o circle-no fusion-text-flow\" style=\"--awb-iconcolor:#bc503e;--awb-iconcolor-hover:#bc503e;--awb-font-size:32px;--awb-margin-right:16px;\"><\/i>Ge\u00f6ffnet: Di-Do von 20-2 Uhr. Fr &amp; Sa von 13.30- 2Uhr.<\/p>\n<\/div><\/div><\/div><div class=\"fusion-layout-column fusion_builder_column fusion-builder-column-39 fusion_builder_column_1_2 1_2 fusion-flex-column\" style=\"--awb-bg-size:cover;--awb-width-large:50%;--awb-margin-top-large:0px;--awb-spacing-right-large:3.84%;--awb-margin-bottom-large:20px;--awb-spacing-left-large:3.84%;--awb-width-medium:100%;--awb-spacing-right-medium:1.92%;--awb-spacing-left-medium:1.92%;--awb-width-small:100%;--awb-spacing-right-small:1.92%;--awb-spacing-left-small:1.92%;\"><div class=\"fusion-column-wrapper fusion-flex-justify-content-flex-start fusion-content-layout-column\"><div class=\"fusion-text fusion-text-46\"><p><span style=\"color: #bc503e;\"><i class=\"fa fa-leaf\"><\/i><strong>Ca\u00f1adu, Vegetarian Restaurant<\/strong><\/span><br \/>\nEntdecke die K\u00f6stlichkeiten aus unseren Bio Gem\u00fcseg\u00e4rten aus Malaga.<\/p>\n<p><i class=\"fb-icon-element-70 fb-icon-element fontawesome-icon fa fa-map-marker circle-no fusion-text-flow\" style=\"--awb-iconcolor:#bc503e;--awb-iconcolor-hover:#bc503e;--awb-font-size:32px;--awb-margin-right:16px;\"><\/i>Plaza de la Merced, 21.<\/p>\n<p><i class=\"fb-icon-element-71 fb-icon-element fontawesome-icon fa fa-phone circle-no fusion-text-flow\" style=\"--awb-iconcolor:#bc503e;--awb-iconcolor-hover:#bc503e;--awb-font-size:32px;--awb-margin-right:16px;\"><\/i>T.952 60 27 19<\/p>\n<p><i class=\"fb-icon-element-72 fb-icon-element fontawesome-icon fa fa-globe circle-no fusion-text-flow\" style=\"--awb-iconcolor:#bc503e;--awb-iconcolor-hover:#bc503e;--awb-font-size:32px;--awb-margin-right:16px;\"><\/i><a href=\" http:\/\/www.canadu.es\/\">www.canadu.es<\/a><\/p>\n<p><i class=\"fb-icon-element-73 fb-icon-element fontawesome-icon fa fa-clock-o circle-no fusion-text-flow\" style=\"--awb-iconcolor:#bc503e;--awb-iconcolor-hover:#bc503e;--awb-font-size:32px;--awb-margin-right:16px;\"><\/i>Ge\u00f6ffnet: Mo-Do von 13.30- 16Uhr\/ 19.30- 23Uhr. Fr &amp; Sa von 13.30- 16.30Uhr\/ 20- 0Uhr (Mitternacht). So von 13.30- 16.30Uhr\/ 19.30- 23Uhr.<\/p>\n<\/div><\/div><\/div><div class=\"fusion-layout-column fusion_builder_column fusion-builder-column-40 fusion_builder_column_1_2 1_2 fusion-flex-column\" style=\"--awb-bg-size:cover;--awb-width-large:50%;--awb-margin-top-large:0px;--awb-spacing-right-large:3.84%;--awb-margin-bottom-large:20px;--awb-spacing-left-large:3.84%;--awb-width-medium:100%;--awb-spacing-right-medium:1.92%;--awb-spacing-left-medium:1.92%;--awb-width-small:100%;--awb-spacing-right-small:1.92%;--awb-spacing-left-small:1.92%;\"><div class=\"fusion-column-wrapper fusion-flex-justify-content-flex-start fusion-content-layout-column\"><div class=\"fusion-text fusion-text-47\"><p><span style=\"color: #bc503e;\"><strong>KGB<\/strong><\/span><br \/>\nTapas Bar von Kisko Garc\u00eda, Chef aus Cordoba, ausgezeichnet mit einem Michelin Stern f\u00fcr sein Restaurant El Choco in Cordoba.<\/p>\n<p><i class=\"fb-icon-element-74 fb-icon-element fontawesome-icon fa fa-map-marker circle-no fusion-text-flow\" style=\"--awb-iconcolor:#bc503e;--awb-iconcolor-hover:#bc503e;--awb-font-size:32px;--awb-margin-right:16px;\"><\/i>Calle Fresca, 12<\/p>\n<p><i class=\"fb-icon-element-75 fb-icon-element fontawesome-icon fa fa-phone circle-no fusion-text-flow\" style=\"--awb-iconcolor:#bc503e;--awb-iconcolor-hover:#bc503e;--awb-font-size:32px;--awb-margin-right:16px;\"><\/i>T. 952 22 68 51<\/p>\n<p><i class=\"fb-icon-element-76 fb-icon-element fontawesome-icon fa fa-globe circle-no fusion-text-flow\" style=\"--awb-iconcolor:#bc503e;--awb-iconcolor-hover:#bc503e;--awb-font-size:32px;--awb-margin-right:16px;\"><\/i>Ge\u00f6ffnet: Di-Sa 13- 16.30Uhr\/ 20-0Uhr (Mitternacht). Mo von 20- 23.30Uhr.<\/p>\n<\/div><\/div><\/div><div class=\"fusion-layout-column fusion_builder_column fusion-builder-column-41 fusion_builder_column_1_2 1_2 fusion-flex-column\" style=\"--awb-bg-size:cover;--awb-width-large:50%;--awb-margin-top-large:0px;--awb-spacing-right-large:3.84%;--awb-margin-bottom-large:20px;--awb-spacing-left-large:3.84%;--awb-width-medium:100%;--awb-spacing-right-medium:1.92%;--awb-spacing-left-medium:1.92%;--awb-width-small:100%;--awb-spacing-right-small:1.92%;--awb-spacing-left-small:1.92%;\"><div class=\"fusion-column-wrapper fusion-flex-justify-content-flex-start fusion-content-layout-column\"><div class=\"fusion-text fusion-text-48\"><p><span style=\"color: #bc503e;\"><strong>Pez Tomillo Restaurant<\/strong><\/span><br \/>\nTapas Bar am Strand. Mediterrane K\u00fcche mit pers\u00f6nlichen Touch.<\/p>\n<p><i class=\"fb-icon-element-77 fb-icon-element fontawesome-icon fa fa-map-marker circle-no fusion-text-flow\" style=\"--awb-iconcolor:#bc503e;--awb-iconcolor-hover:#bc503e;--awb-font-size:32px;--awb-margin-right:16px;\"><\/i>Paseo del Pedregal, 1<\/p>\n<p><i class=\"fb-icon-element-78 fb-icon-element fontawesome-icon fa fa-phone circle-no fusion-text-flow\" style=\"--awb-iconcolor:#bc503e;--awb-iconcolor-hover:#bc503e;--awb-font-size:32px;--awb-margin-right:16px;\"><\/i>T. 955 440 030<\/p>\n<p><i class=\"fb-icon-element-79 fb-icon-element fontawesome-icon fa fa-globe circle-no fusion-text-flow\" style=\"--awb-iconcolor:#bc503e;--awb-iconcolor-hover:#bc503e;--awb-font-size:32px;--awb-margin-right:16px;\"><\/i><a href=\"http:\/\/www.equipompuntor.com\/pez-tomillo\">www.equipompuntor.com\/pez-tomillo<\/a><\/p>\n<p><i class=\"fb-icon-element-80 fb-icon-element fontawesome-icon fa fa-clock-o circle-no fusion-text-flow\" style=\"--awb-iconcolor:#bc503e;--awb-iconcolor-hover:#bc503e;--awb-font-size:32px;--awb-margin-right:16px;\"><\/i>Ge\u00f6ffnet: Mo-Fr von 13.30- 16.30Uhr\/ 20.30- 0.30Uhr. Sa &amp; So &amp; Feiertage von 13- 16.30Uhr\/ 20.30- 0.30Uhr.<\/p>\n<\/div><\/div><\/div><div class=\"fusion-layout-column fusion_builder_column fusion-builder-column-42 fusion_builder_column_1_2 1_2 fusion-flex-column\" style=\"--awb-bg-size:cover;--awb-width-large:50%;--awb-margin-top-large:0px;--awb-spacing-right-large:3.84%;--awb-margin-bottom-large:20px;--awb-spacing-left-large:3.84%;--awb-width-medium:100%;--awb-spacing-right-medium:1.92%;--awb-spacing-left-medium:1.92%;--awb-width-small:100%;--awb-spacing-right-small:1.92%;--awb-spacing-left-small:1.92%;\"><div class=\"fusion-column-wrapper fusion-flex-justify-content-flex-start fusion-content-layout-column\"><div class=\"fusion-text fusion-text-49\"><p><span style=\"color: #bc503e;\"><strong>El Refectorium Catedral<\/strong><\/span><br \/>\nAndalusische K\u00fcche mit tollen, saisonalen Produkten.<\/p>\n<p><i class=\"fb-icon-element-81 fb-icon-element fontawesome-icon fa fa-map-marker circle-no fusion-text-flow\" style=\"--awb-iconcolor:#bc503e;--awb-iconcolor-hover:#bc503e;--awb-font-size:32px;--awb-margin-right:16px;\"><\/i>C\/ Postigo De Los Abades, 4<\/p>\n<p><i class=\"fb-icon-element-82 fb-icon-element fontawesome-icon fa fa-phone circle-no fusion-text-flow\" style=\"--awb-iconcolor:#bc503e;--awb-iconcolor-hover:#bc503e;--awb-font-size:32px;--awb-margin-right:16px;\"><\/i>T. 952 60 23 89<\/p>\n<p><i class=\"fb-icon-element-83 fb-icon-element fontawesome-icon fa fa-clock-o circle-no fusion-text-flow\" style=\"--awb-iconcolor:#bc503e;--awb-iconcolor-hover:#bc503e;--awb-font-size:32px;--awb-margin-right:16px;\"><\/i>Ge\u00f6ffnet: Di-Sa von 13-17Uhr\/ 20.30- 0Uhr (Mitternacht). So von 13-17Uhr.<\/p>\n<\/div><\/div><\/div><div class=\"fusion-layout-column fusion_builder_column fusion-builder-column-43 fusion_builder_column_1_2 1_2 fusion-flex-column\" style=\"--awb-bg-size:cover;--awb-width-large:50%;--awb-margin-top-large:0px;--awb-spacing-right-large:3.84%;--awb-margin-bottom-large:20px;--awb-spacing-left-large:3.84%;--awb-width-medium:100%;--awb-spacing-right-medium:1.92%;--awb-spacing-left-medium:1.92%;--awb-width-small:100%;--awb-spacing-right-small:1.92%;--awb-spacing-left-small:1.92%;\"><div class=\"fusion-column-wrapper fusion-flex-justify-content-flex-start fusion-content-layout-column\"><div class=\"fusion-text fusion-text-50\"><p><span style=\"color: #bc503e;\"><strong>La farola de Orellana<\/strong><\/span><br \/>\nEine kleine Bar mit mehr als 75 Jahren Geschichte.<\/p>\n<p><i class=\"fb-icon-element-84 fb-icon-element fontawesome-icon fa fa-map-marker circle-no fusion-text-flow\" style=\"--awb-iconcolor:#bc503e;--awb-iconcolor-hover:#bc503e;--awb-font-size:32px;--awb-margin-right:16px;\"><\/i>Calle Moreno Monroy, 5.<\/p>\n<p><i class=\"fb-icon-element-85 fb-icon-element fontawesome-icon fa fa-phone circle-no fusion-text-flow\" style=\"--awb-iconcolor:#bc503e;--awb-iconcolor-hover:#bc503e;--awb-font-size:32px;--awb-margin-right:16px;\"><\/i>T. +34625 20 91 02<\/p>\n<p><i class=\"fb-icon-element-86 fb-icon-element fontawesome-icon fa fa-clock-o circle-no fusion-text-flow\" style=\"--awb-iconcolor:#bc503e;--awb-iconcolor-hover:#bc503e;--awb-font-size:32px;--awb-margin-right:16px;\"><\/i>Ge\u00f6ffnet: Di-Sa von 13-17Uhr\/ 20.30- 0Uhr (Mitternacht). So von 13-17Uhr.<\/p>\n<\/div><\/div><\/div><\/div><\/div><div class=\"fusion-fullwidth fullwidth-box fusion-builder-row-6 fusion-flex-container hundred-percent-fullwidth non-hundred-percent-height-scrolling\" style=\"--awb-background-position:left top;--awb-border-radius-top-left:0px;--awb-border-radius-top-right:0px;--awb-border-radius-bottom-right:0px;--awb-border-radius-bottom-left:0px;--awb-padding-top:0px;--awb-padding-right:0px;--awb-padding-bottom:0px;--awb-padding-left:0px;--awb-background-color:#e7ecf9;--awb-border-sizes-top:0px;--awb-border-sizes-bottom:0px;--awb-flex-wrap:wrap;\" ><div class=\"fusion-builder-row fusion-row fusion-flex-align-items-flex-start fusion-flex-content-wrap\" style=\"width:calc( 100% + 0px ) !important;max-width:calc( 100% + 0px ) !important;margin-left: calc(-0px \/ 2 );margin-right: calc(-0px \/ 2 );\"><div class=\"fusion-layout-column fusion_builder_column fusion-builder-column-44 fusion_builder_column_1_4 1_4 fusion-flex-column\" style=\"--awb-bg-size:cover;--awb-width-large:25%;--awb-margin-top-large:0px;--awb-spacing-right-large:0px;--awb-margin-bottom-large:0px;--awb-spacing-left-large:0px;--awb-width-medium:100%;--awb-spacing-right-medium:0px;--awb-spacing-left-medium:0px;--awb-width-small:100%;--awb-spacing-right-small:0px;--awb-spacing-left-small:0px;\"><div class=\"fusion-column-wrapper fusion-flex-justify-content-flex-start fusion-content-layout-column\"><div class=\"fusion-text fusion-text-51\"><p><img decoding=\"async\" class=\"lazyload aligncenter size-full wp-image-9134\" src=\"https:\/\/www.spainfoodsherpas.com\/sfs\/wp-content\/uploads\/2016\/09\/la-recova-malaga.jpg\" data-orig-src=\"https:\/\/www.spainfoodsherpas.com\/sfs\/wp-content\/uploads\/2016\/09\/la-recova-malaga.jpg\" alt=\"la-recova-malaga\" width=\"400\" height=\"266\" srcset=\"data:image\/svg+xml,%3Csvg%20xmlns%3D%27http%3A%2F%2Fwww.w3.org%2F2000%2Fsvg%27%20width%3D%27400%27%20height%3D%27266%27%20viewBox%3D%270%200%20400%20266%27%3E%3Crect%20width%3D%27400%27%20height%3D%27266%27%20fill-opacity%3D%220%22%2F%3E%3C%2Fsvg%3E\" data-srcset=\"https:\/\/www.spainfoodsherpas.com\/sfs\/wp-content\/uploads\/2016\/09\/la-recova-malaga-200x133.jpg 200w, https:\/\/www.spainfoodsherpas.com\/sfs\/wp-content\/uploads\/2016\/09\/la-recova-malaga-240x160.jpg 240w, https:\/\/www.spainfoodsherpas.com\/sfs\/wp-content\/uploads\/2016\/09\/la-recova-malaga-300x200.jpg 300w, https:\/\/www.spainfoodsherpas.com\/sfs\/wp-content\/uploads\/2016\/09\/la-recova-malaga.jpg 400w\" data-sizes=\"auto\" data-orig-sizes=\"(max-width: 400px) 100vw, 400px\" \/><\/p>\n<\/div><\/div><\/div><div class=\"fusion-layout-column fusion_builder_column fusion-builder-column-45 fusion_builder_column_1_4 1_4 fusion-flex-column\" style=\"--awb-bg-size:cover;--awb-width-large:25%;--awb-margin-top-large:0px;--awb-spacing-right-large:0px;--awb-margin-bottom-large:0px;--awb-spacing-left-large:0px;--awb-width-medium:100%;--awb-spacing-right-medium:0px;--awb-spacing-left-medium:0px;--awb-width-small:100%;--awb-spacing-right-small:0px;--awb-spacing-left-small:0px;\"><div class=\"fusion-column-wrapper fusion-flex-justify-content-flex-start fusion-content-layout-column\"><div class=\"fusion-text fusion-text-52\"><p><img decoding=\"async\" class=\"lazyload aligncenter wp-image-9130 size-full\" title=\"la-cosmopolita-malaga\" src=\"https:\/\/www.spainfoodsherpas.com\/sfs\/wp-content\/uploads\/2016\/09\/la-cosmopolita-malaga.jpg\" data-orig-src=\"https:\/\/www.spainfoodsherpas.com\/sfs\/wp-content\/uploads\/2016\/09\/la-cosmopolita-malaga.jpg\" alt=\"la-cosmopolita-malaga\" width=\"400\" height=\"266\" srcset=\"data:image\/svg+xml,%3Csvg%20xmlns%3D%27http%3A%2F%2Fwww.w3.org%2F2000%2Fsvg%27%20width%3D%27400%27%20height%3D%27266%27%20viewBox%3D%270%200%20400%20266%27%3E%3Crect%20width%3D%27400%27%20height%3D%27266%27%20fill-opacity%3D%220%22%2F%3E%3C%2Fsvg%3E\" data-srcset=\"https:\/\/www.spainfoodsherpas.com\/sfs\/wp-content\/uploads\/2016\/09\/la-cosmopolita-malaga-200x133.jpg 200w, https:\/\/www.spainfoodsherpas.com\/sfs\/wp-content\/uploads\/2016\/09\/la-cosmopolita-malaga-240x160.jpg 240w, https:\/\/www.spainfoodsherpas.com\/sfs\/wp-content\/uploads\/2016\/09\/la-cosmopolita-malaga-300x200.jpg 300w, https:\/\/www.spainfoodsherpas.com\/sfs\/wp-content\/uploads\/2016\/09\/la-cosmopolita-malaga.jpg 400w\" data-sizes=\"auto\" data-orig-sizes=\"(max-width: 400px) 100vw, 400px\" \/><\/p>\n<\/div><\/div><\/div><div class=\"fusion-layout-column fusion_builder_column fusion-builder-column-46 fusion_builder_column_1_4 1_4 fusion-flex-column\" style=\"--awb-bg-size:cover;--awb-width-large:25%;--awb-margin-top-large:0px;--awb-spacing-right-large:0px;--awb-margin-bottom-large:0px;--awb-spacing-left-large:0px;--awb-width-medium:100%;--awb-spacing-right-medium:0px;--awb-spacing-left-medium:0px;--awb-width-small:100%;--awb-spacing-right-small:0px;--awb-spacing-left-small:0px;\"><div class=\"fusion-column-wrapper fusion-flex-justify-content-flex-start fusion-content-layout-column\"><div class=\"fusion-text fusion-text-53\"><p><img decoding=\"async\" class=\"lazyload aligncenter size-full wp-image-9138\" src=\"data:image\/svg+xml,%3Csvg%20xmlns%3D%27http%3A%2F%2Fwww.w3.org%2F2000%2Fsvg%27%20width%3D%27400%27%20height%3D%27266%27%20viewBox%3D%270%200%20400%20266%27%3E%3Crect%20width%3D%27400%27%20height%3D%27266%27%20fill-opacity%3D%220%22%2F%3E%3C%2Fsvg%3E\" data-orig-src=\"https:\/\/www.spainfoodsherpas.com\/sfs\/wp-content\/uploads\/2016\/09\/Taberna-Uvedoble.jpg\" alt=\"taberna uvedoble\" width=\"400\" height=\"266\" \/><\/p>\n<\/div><\/div><\/div><div class=\"fusion-layout-column fusion_builder_column fusion-builder-column-47 fusion_builder_column_1_4 1_4 fusion-flex-column\" style=\"--awb-bg-size:cover;--awb-width-large:25%;--awb-margin-top-large:0px;--awb-spacing-right-large:0px;--awb-margin-bottom-large:0px;--awb-spacing-left-large:0px;--awb-width-medium:100%;--awb-spacing-right-medium:0px;--awb-spacing-left-medium:0px;--awb-width-small:100%;--awb-spacing-right-small:0px;--awb-spacing-left-small:0px;\"><div class=\"fusion-column-wrapper fusion-flex-justify-content-flex-start fusion-content-layout-column\"><div class=\"fusion-text fusion-text-54\"><p><img decoding=\"async\" class=\"lazyload aligncenter size-full wp-image-9122\" src=\"data:image\/svg+xml,%3Csvg%20xmlns%3D%27http%3A%2F%2Fwww.w3.org%2F2000%2Fsvg%27%20width%3D%27400%27%20height%3D%27266%27%20viewBox%3D%270%200%20400%20266%27%3E%3Crect%20width%3D%27400%27%20height%3D%27266%27%20fill-opacity%3D%220%22%2F%3E%3C%2Fsvg%3E\" data-orig-src=\"https:\/\/www.spainfoodsherpas.com\/sfs\/wp-content\/uploads\/2015\/06\/meson-mariano.jpg\" alt=\"meson mariano\" width=\"400\" height=\"266\" \/><\/p>\n<\/div><\/div><\/div><div class=\"fusion-layout-column fusion_builder_column fusion-builder-column-48 fusion_builder_column_1_1 1_1 fusion-flex-column\" style=\"--awb-bg-size:cover;--awb-width-large:100%;--awb-margin-top-large:0px;--awb-spacing-right-large:0px;--awb-margin-bottom-large:20px;--awb-spacing-left-large:0px;--awb-width-medium:100%;--awb-spacing-right-medium:0px;--awb-spacing-left-medium:0px;--awb-width-small:100%;--awb-spacing-right-small:0px;--awb-spacing-left-small:0px;\"><div class=\"fusion-column-wrapper fusion-flex-justify-content-flex-start fusion-content-layout-column\"><div class=\"fusion-text fusion-text-55\"><p style=\"text-align: center;\"><span style=\"color: #957f55;\"><a style=\"color: #957f55;\" href=\"#\"><strong>\u21d1 NACH OBEN<\/strong><\/a><\/span><\/p>\n<\/div><\/div><\/div><\/div><\/div><div class=\"fusion-fullwidth fullwidth-box fusion-builder-row-7 fusion-flex-container hundred-percent-fullwidth non-hundred-percent-height-scrolling\" style=\"--awb-border-radius-top-left:0px;--awb-border-radius-top-right:0px;--awb-border-radius-bottom-right:0px;--awb-border-radius-bottom-left:0px;--awb-padding-top:20px;--awb-padding-right:5%;--awb-padding-bottom:20px;--awb-padding-left:5%;--awb-flex-wrap:wrap;\" id=\"favouritesection\" ><div class=\"fusion-builder-row fusion-row fusion-flex-align-items-flex-start fusion-flex-content-wrap\" style=\"width:104% !important;max-width:104% !important;margin-left: calc(-4% \/ 2 );margin-right: calc(-4% \/ 2 );\"><div class=\"fusion-layout-column fusion_builder_column fusion-builder-column-49 fusion_builder_column_1_1 1_1 fusion-flex-column\" style=\"--awb-bg-size:cover;--awb-width-large:100%;--awb-margin-top-large:0px;--awb-spacing-right-large:1.92%;--awb-margin-bottom-large:20px;--awb-spacing-left-large:1.92%;--awb-width-medium:100%;--awb-spacing-right-medium:1.92%;--awb-spacing-left-medium:1.92%;--awb-width-small:100%;--awb-spacing-right-small:1.92%;--awb-spacing-left-small:1.92%;\"><div class=\"fusion-column-wrapper fusion-flex-justify-content-flex-start fusion-content-layout-column\"><div class=\"fusion-text fusion-text-56\"><h2 style=\"text-align: center; font-size: 32px;\">UNSERE EMPFEHLUNGEN<\/h2>\n<\/div><\/div><\/div><div class=\"fusion-layout-column fusion_builder_column fusion-builder-column-50 fusion_builder_column_1_2 1_2 fusion-flex-column\" style=\"--awb-bg-size:cover;--awb-width-large:50%;--awb-margin-top-large:0px;--awb-spacing-right-large:3.84%;--awb-margin-bottom-large:20px;--awb-spacing-left-large:3.84%;--awb-width-medium:100%;--awb-spacing-right-medium:1.92%;--awb-spacing-left-medium:1.92%;--awb-width-small:100%;--awb-spacing-right-small:1.92%;--awb-spacing-left-small:1.92%;\"><div class=\"fusion-column-wrapper fusion-flex-justify-content-flex-start fusion-content-layout-column\"><div class=\"fusion-text fusion-text-57\"><p><span style=\"color: #bc503e;\"><strong>Mittag- oder Abendessen in einem Chiringuito <\/strong><\/span><\/p>\n<p>Wenn Sie Malaga besuchen empfehlen wir Ihnen ein wie ein &#8220;Malague\u00f1o&#8221; zu essen. Z\u00f6gern Sie nicht &#8211; Sie m\u00fcssen zu einem &#8220;Chiringuito&#8221; gehen! Das sind Restaurants am Strand, oft Familienunternehmen, die seit zwei oder mehr Generationen existieren und sich auf die Zubereitung von Fisch aus Malaga spezialisiert haben (vor allem frittiert- verschiedene Fischarten, Tintenfische, Sardellen &#8230; alles lokal), Sardinenspie\u00dfe und traditionelle Gerichte wie \u201earroz caldoso\u201c (eine Art Paella) mit Boquerones oder Meeresfr\u00fcchten. Sie werden die Restaurants wegen ihrer Terrassen leicht finden &#8211; sie befinden sich vor einem Boot, wo die Spie\u00dfe \u00fcber offenem Olivenholzfeuer gebraten werden. Es sind Orte mit viel Charme, die Kellner schreien lauthals \u00fcber die Tische hinweg und rennen von einer Seite zur anderen und das Essen ist in der Regel sehr reichlich. Wir empfehlen El Lirio, Las Palmeras oder El Merlo auf dem Paseo Mar\u00edtimo de <a href=\"https:\/\/www.spainfoodsherpas.com\/things-to-do-in-malaga-pedregalejo-beach\/\">Pedregalejo<\/a>.<\/p>\n<\/div><\/div><\/div><div class=\"fusion-layout-column fusion_builder_column fusion-builder-column-51 fusion_builder_column_1_2 1_2 fusion-flex-column\" style=\"--awb-bg-size:cover;--awb-width-large:50%;--awb-margin-top-large:0px;--awb-spacing-right-large:3.84%;--awb-margin-bottom-large:20px;--awb-spacing-left-large:3.84%;--awb-width-medium:100%;--awb-spacing-right-medium:1.92%;--awb-spacing-left-medium:1.92%;--awb-width-small:100%;--awb-spacing-right-small:1.92%;--awb-spacing-left-small:1.92%;\"><div class=\"fusion-column-wrapper fusion-flex-justify-content-flex-start fusion-content-layout-column\"><div class=\"fusion-text fusion-text-58\"><p><span style=\"color: #bc503e;\"><strong>Besuchen Sie unsere Monumente <\/strong><\/span><\/p>\n<p>Malaga ist eine der \u00e4ltesten St\u00e4dte Europas, ph\u00f6nizischen Ursprungs, und beherbergte \u00fcber die Jahrhunderte viele verschiedene Kulturen wie die Karthager, R\u00f6mer und Araber. Schauen Sie sich unsere Karte von Malaga mit den wichtigsten <a href=\"https:\/\/www.spainfoodsherpas.com\/malaga-tourist-map-info\/\">Sehensw\u00fcrdigkeiten <\/a>und n\u00fctzlicher Information an.<\/p>\n<p>All diese Einfl\u00fcsse haben ein wichtiges kulturelles und monumentales Erbe hinterlassen, das Sie bei Ihrem Besuch entdecken k\u00f6nnen. Unsere Empfehlung: Lassen Sie sich treiben und genie\u00dfen Sie einfach unsere Stadt und Provinz! Abgesehen vom Besuch unserer emblematischsten Denkm\u00e4ler wie die Kathedrale, das r\u00f6mische Theater, die Alcazaba oder das Gibralfaro Schloss, haben Sie die M\u00f6glichkeit, w\u00e4hrend Sie durch die Stadt schlendern, Orte, Stra\u00dfen und wundersch\u00f6ne Pl\u00e4tze wie Plaza del Siglo, Plaza De la Merced, Plaza del Obispo oder Plaza de la Constituci\u00f3n zu entdecken. Falls Sie Zeit haben- wir m\u00f6gen besonders gern die Kirche der Heiligen M\u00e4rtyrer und die umliegenden Stra\u00dfen, vor allem die Gesch\u00e4fte und den Charme der Andr\u00e9s P\u00e9rez Stra\u00dfe und der Gegend \u201ePozos Dulces\u201c. Lassen Sie sich Zeit. Wenn Sie nicht die ganze Stadt w\u00e4hrend Ihres Aufenthalts sehen k\u00f6nnen, haben Sie somit wenigstens die Gelegenheit unsere Stadt bei Ihrem n\u00e4chsten Besuch weiter zu erkunden!<\/p>\n<\/div><\/div><\/div><div class=\"fusion-layout-column fusion_builder_column fusion-builder-column-52 fusion_builder_column_1_2 1_2 fusion-flex-column\" style=\"--awb-bg-size:cover;--awb-width-large:50%;--awb-margin-top-large:0px;--awb-spacing-right-large:3.84%;--awb-margin-bottom-large:20px;--awb-spacing-left-large:3.84%;--awb-width-medium:100%;--awb-spacing-right-medium:1.92%;--awb-spacing-left-medium:1.92%;--awb-width-small:100%;--awb-spacing-right-small:1.92%;--awb-spacing-left-small:1.92%;\"><div class=\"fusion-column-wrapper fusion-flex-justify-content-flex-start fusion-content-layout-column\"><div class=\"fusion-text fusion-text-59\"><p><span style=\"color: #bc503e;\"><strong>Geniessen Sie unsere Parks und G\u00e4rten<\/strong><\/span><\/p>\n<p>Wenn Sie durch das historische Zentrum von Malaga schlendern, d\u00fcrfen Sie nicht die Gelegenheit verpassen unseren Park zu genie\u00dfen! Er ist leicht zu finden, da er sich direkt im Stadtzentrum befindet &#8211; eine gro\u00dfe Promenade, fast einen Kilometer lang mit G\u00e4rten auf beiden Seiten, die von der Plaza de la Marina zum Bezirk der Malagueta reicht. Es ist ein mediterraner Garten mit zahlreichen subtropischen Pflanzen und vielen weiteren aus allen f\u00fcnf Kontinenten. Der Park gilt als einer der bedeutendsten \u00f6ffentlichen Parks in Europa.<\/p>\n<p>Und wenn Sie schon dort sind, k\u00f6nnen Sie auch einen Spaziergang durch die G\u00e4rten von Pedro Luis Alonso, neben dem Rathaus, machen &#8211; ein Garten umgeben von Orangenb\u00e4umen und Zypressen, wo Sie mehr als 70 verschiedene Arten von Rosen betrachten und riechen k\u00f6nnen. Wundersch\u00f6n! Ein paar Meter entfernt finden Sie die &#8220;Jardines de Puerta Oscura&#8221; auf dem H\u00fcgel der Alcazaba und Gibralfaro Burg, wo es Jacarandas nebst anderen Arten gibt.<\/p>\n<p>Schlie\u00dflich, wenn Sie Zeit haben und ein wenig weiter weg vom historischen Zentrum, k\u00f6nnen Sie unseren botanischen Garten La Concepci\u00f3n besuchen. Angelegt um 1855 von zwei bedeutenden Familien aus Malaga, wurde es schliesslich zum gesch\u00fctzten Kulturgut (BIC, Bien de Inter\u00e9s Cultural). Es ist eine pr\u00e4chtige Sammlung von tropischen und subtropischen Pflanzen aus Europa, Amerika, Asien, Afrika und Ozeanien.<\/p>\n<\/div><\/div><\/div><div class=\"fusion-layout-column fusion_builder_column fusion-builder-column-53 fusion_builder_column_1_2 1_2 fusion-flex-column\" style=\"--awb-bg-size:cover;--awb-width-large:50%;--awb-margin-top-large:0px;--awb-spacing-right-large:3.84%;--awb-margin-bottom-large:20px;--awb-spacing-left-large:3.84%;--awb-width-medium:100%;--awb-spacing-right-medium:1.92%;--awb-spacing-left-medium:1.92%;--awb-width-small:100%;--awb-spacing-right-small:1.92%;--awb-spacing-left-small:1.92%;\"><div class=\"fusion-column-wrapper fusion-flex-justify-content-flex-start fusion-content-layout-column\"><div class=\"fusion-text fusion-text-60\"><p><span style=\"color: #bc503e;\"><strong>Tagesausflug <\/strong><\/span><\/p>\n<p>Genie\u00dfen Sie einen Tagesausflug! Das Zentrum von Malaga und seine Stadtteile sind erstaunlich und haben viel zu bieten, aber vergessen Sie nicht, dass die Provinz ziemlich gro\u00df ist und genauso beeindruckend! Wenn Sie ein paar Tage in Malaga verbringen, versuchen Sie einen Tag der Stadt zu entkommen und besuchen Sie St\u00e4dte wie Frigiliana &#8211; ohne Zweifel eines der sch\u00f6nsten wei\u00dfen D\u00f6rfer der Axarqu\u00eda; Nerja oder Maro und genie\u00dfen Sie wundersch\u00f6ne Str\u00e4nde!<\/p>\n<p>Es gibt viele weitere St\u00e4dte und D\u00f6rfer in der N\u00e4he von Malaga, aber wir m\u00fcssen auf jeden Fall darauf pochen, dass Sie <a href=\"https:\/\/www.spainfoodsherpas.com\/de\/ausflug-malaga-ronda\/\">Ronda besuchen<\/a>! \uf04a Weltweit ein einzigartiger Ort, ber\u00fchmt f\u00fcr seine Landschaft, Natur, Architektur, Urbanismus und Geschichte. Besichtigen Sie auch einige seiner exzellenten Weing\u00fcter! Die Route von Malaga aus ist ein wahrer Genuss (f\u00fcr Herz, Seele und Magen!).<\/p>\n<\/div><\/div><\/div><div class=\"fusion-layout-column fusion_builder_column fusion-builder-column-54 fusion_builder_column_1_2 1_2 fusion-flex-column\" style=\"--awb-bg-size:cover;--awb-width-large:50%;--awb-margin-top-large:0px;--awb-spacing-right-large:3.84%;--awb-margin-bottom-large:20px;--awb-spacing-left-large:3.84%;--awb-width-medium:100%;--awb-spacing-right-medium:1.92%;--awb-spacing-left-medium:1.92%;--awb-width-small:100%;--awb-spacing-right-small:1.92%;--awb-spacing-left-small:1.92%;\"><div class=\"fusion-column-wrapper fusion-flex-justify-content-flex-start fusion-content-layout-column\"><div class=\"fusion-text fusion-text-61\"><p><span style=\"color: #bc503e;\"><strong>Wie man richtig Kaffee in Malaga bestellt<\/strong><\/span><\/p>\n<p>Seien wir ehrlich &#8211; es spielt keine Rolle wo Sie in Malaga einen Kaffee bestellen, er wird immer sehr lecker sein! Aber nur wenn Sie keinen Latte Macchiato, Capuchino oder Americano trinken, sondern komplett mit unserer Kultur verschmelzen und Ihren Kaffee wie ein &#8220;Malague\u00f1o&#8221; bestellen.<br \/>\nUnd nicht nur wird er k\u00f6stlich sein, aber auch definitiv Ihre Vorlieben treffen, da wir bis zu 9 verschiedene Namen f\u00fcr unseren Kaffee haben! Grunds\u00e4tzlich h\u00e4ngt es von der Menge und dem Anteil des frisch gebr\u00fchten, starken Kaffees und der Milch ab.<\/p>\n<p>Alles beginnt mit &#8220;nube&#8221; (Wolke), denn, wie man sich vorstellen kann, ist sehr wenig Kaffee drin, aber viel Milch (10\/90, ungef\u00e4hr). Wenn Sie es ein bisschen st\u00e4rker m\u00f6gen, probieren Sie einen &#8220;sombra&#8221; (Schatten), wo der Kaffeeanteil bereits auf 20% steigt. &#8220;Mitad&#8221; (50\/50), &#8220;largo&#8221; (90\/10) und &#8220;solo&#8221; (expresso) sind andere beliebte Kombinationen, wobei die Menge an Kaffee immer erh\u00f6ht und der Anteil an Milch gesenkt wird.<\/p>\n<p>Sie k\u00f6nnen sogar entscheiden, ob Sie warme oder dampfend hei\u00dfe Milch wollen; Oder im Sommer vielleicht mit einem extra Glas mit Eisw\u00fcrfeln, um ihn gek\u00fchlt zu genie\u00dfen; Bestellen Sie ihn in einer Tasse oder einem Glas (das letztere ist sehr malague\u00f1o!); Oder machen Sie\u2019s gleich richtig und begleiten Sie ihn mit authentischen &#8220;Churros&#8221; oder einem Mollete Brot mit Tomaten, extra nativem Oliven\u00f6l und Iberischen Schinken. Das beste Fr\u00fchst\u00fcck \u00fcberhaupt!<\/p>\n<\/div><\/div><\/div><div class=\"fusion-layout-column fusion_builder_column fusion-builder-column-55 fusion_builder_column_1_2 1_2 fusion-flex-column\" style=\"--awb-bg-size:cover;--awb-width-large:50%;--awb-margin-top-large:0px;--awb-spacing-right-large:3.84%;--awb-margin-bottom-large:20px;--awb-spacing-left-large:3.84%;--awb-width-medium:100%;--awb-spacing-right-medium:1.92%;--awb-spacing-left-medium:1.92%;--awb-width-small:100%;--awb-spacing-right-small:1.92%;--awb-spacing-left-small:1.92%;\"><div class=\"fusion-column-wrapper fusion-flex-justify-content-flex-start fusion-content-layout-column\"><div class=\"fusion-text fusion-text-62\"><p><span style=\"color: #bc503e;\"><strong>Besuchen Sie unsere M\u00e4rkte <\/strong><\/span><\/p>\n<p>Wenn Sie M\u00e4rkte lieben, dann ist unsere Stadt genau das Richtige f\u00fcr Sie! Sie k\u00f6nnen zwischen 15 Lebensmittelm\u00e4rkten w\u00e4hlen, die alle zu verschiedenen Nachbarschaften geh\u00f6ren. Unser Haupt-Markt tr\u00e4gt den exotischen Namen &#8220;Atarazanas&#8221; (Boot Arsenal) und nicht nur das Geb\u00e4ude an sich ist einen Besuch wert, sondern auch die k\u00f6stlichen lokalen, saisonalen Erzeugnisse und die Leute, die sie verkaufen. Andere M\u00e4rkte k\u00f6nnten kleiner sein, aber nicht weniger interessant oder sch\u00f6n, wie der Salamanca Markt zum Beispiel. Und nat\u00fcrlich sind alle ein Fest f\u00fcr die Augen, Ohren, Nase und Mund!<br \/>\nOder gehen Sie noch einen Schritt weiter mit unseren wunderbaren lokalen Bio M\u00e4rkten, die durch die Provinz Malagas reisen und unsere Hauptstadt jeden zweiten Samstag erreichen. Das ist wirklich unser Land, Kultur und Erbe in einem Korb, dank des gemeinn\u00fctzigen Vereins &#8220;Guadalhorce Ecol\u00f3gico&#8221;.<br \/>\nSchauen Sie sich unseren <a href=\"https:\/\/www.spainfoodsherpas.com\/the-ultimate-guide-to-malaga-atarazanas-food-market\/\">ultimativen Guide zu Malagas Atarazanas Lebensmittelmarktes<\/a> an!<\/p>\n<\/div><\/div><\/div><\/div><\/div><div class=\"fusion-fullwidth fullwidth-box fusion-builder-row-8 fusion-flex-container hundred-percent-fullwidth non-hundred-percent-height-scrolling\" style=\"--awb-background-position:left top;--awb-border-radius-top-left:0px;--awb-border-radius-top-right:0px;--awb-border-radius-bottom-right:0px;--awb-border-radius-bottom-left:0px;--awb-padding-top:0px;--awb-padding-right:0px;--awb-padding-bottom:0px;--awb-padding-left:0px;--awb-background-color:#e7ecf9;--awb-border-sizes-top:0px;--awb-border-sizes-bottom:0px;--awb-flex-wrap:wrap;\" ><div class=\"fusion-builder-row fusion-row fusion-flex-align-items-flex-start fusion-flex-content-wrap\" style=\"width:calc( 100% + 0px ) !important;max-width:calc( 100% + 0px ) !important;margin-left: calc(-0px \/ 2 );margin-right: calc(-0px \/ 2 );\"><div class=\"fusion-layout-column fusion_builder_column fusion-builder-column-56 fusion_builder_column_1_4 1_4 fusion-flex-column\" style=\"--awb-bg-size:cover;--awb-width-large:25%;--awb-margin-top-large:0px;--awb-spacing-right-large:0px;--awb-margin-bottom-large:0px;--awb-spacing-left-large:0px;--awb-width-medium:100%;--awb-spacing-right-medium:0px;--awb-spacing-left-medium:0px;--awb-width-small:100%;--awb-spacing-right-small:0px;--awb-spacing-left-small:0px;\"><div class=\"fusion-column-wrapper fusion-flex-justify-content-flex-start fusion-content-layout-column\"><div class=\"fusion-text fusion-text-63\"><p><img decoding=\"async\" class=\"lazyload aligncenter size-full wp-image-10044\" src=\"https:\/\/www.spainfoodsherpas.com\/sfs\/wp-content\/uploads\/2016\/09\/malaga-markets.jpg\" data-orig-src=\"https:\/\/www.spainfoodsherpas.com\/sfs\/wp-content\/uploads\/2016\/09\/malaga-markets.jpg\" alt=\"malaga-markets\" width=\"400\" height=\"266\" srcset=\"data:image\/svg+xml,%3Csvg%20xmlns%3D%27http%3A%2F%2Fwww.w3.org%2F2000%2Fsvg%27%20width%3D%27400%27%20height%3D%27266%27%20viewBox%3D%270%200%20400%20266%27%3E%3Crect%20width%3D%27400%27%20height%3D%27266%27%20fill-opacity%3D%220%22%2F%3E%3C%2Fsvg%3E\" data-srcset=\"https:\/\/www.spainfoodsherpas.com\/sfs\/wp-content\/uploads\/2016\/09\/malaga-markets-200x133.jpg 200w, https:\/\/www.spainfoodsherpas.com\/sfs\/wp-content\/uploads\/2016\/09\/malaga-markets-240x160.jpg 240w, https:\/\/www.spainfoodsherpas.com\/sfs\/wp-content\/uploads\/2016\/09\/malaga-markets-300x200.jpg 300w, https:\/\/www.spainfoodsherpas.com\/sfs\/wp-content\/uploads\/2016\/09\/malaga-markets.jpg 400w\" data-sizes=\"auto\" data-orig-sizes=\"(max-width: 400px) 100vw, 400px\" \/><\/p>\n<\/div><\/div><\/div><div class=\"fusion-layout-column fusion_builder_column fusion-builder-column-57 fusion_builder_column_1_4 1_4 fusion-flex-column\" style=\"--awb-bg-size:cover;--awb-width-large:25%;--awb-margin-top-large:0px;--awb-spacing-right-large:0px;--awb-margin-bottom-large:0px;--awb-spacing-left-large:0px;--awb-width-medium:100%;--awb-spacing-right-medium:0px;--awb-spacing-left-medium:0px;--awb-width-small:100%;--awb-spacing-right-small:0px;--awb-spacing-left-small:0px;\"><div class=\"fusion-column-wrapper fusion-flex-justify-content-flex-start fusion-content-layout-column\"><div class=\"fusion-text fusion-text-64\"><p><img decoding=\"async\" class=\"lazyload aligncenter size-full wp-image-10035\" src=\"https:\/\/www.spainfoodsherpas.com\/sfs\/wp-content\/uploads\/2016\/09\/ronda-malaga-spain.jpg\" data-orig-src=\"https:\/\/www.spainfoodsherpas.com\/sfs\/wp-content\/uploads\/2016\/09\/ronda-malaga-spain.jpg\" alt=\"ronda-malaga-spain\" width=\"400\" height=\"266\" srcset=\"data:image\/svg+xml,%3Csvg%20xmlns%3D%27http%3A%2F%2Fwww.w3.org%2F2000%2Fsvg%27%20width%3D%27400%27%20height%3D%27266%27%20viewBox%3D%270%200%20400%20266%27%3E%3Crect%20width%3D%27400%27%20height%3D%27266%27%20fill-opacity%3D%220%22%2F%3E%3C%2Fsvg%3E\" data-srcset=\"https:\/\/www.spainfoodsherpas.com\/sfs\/wp-content\/uploads\/2016\/09\/ronda-malaga-spain-200x133.jpg 200w, https:\/\/www.spainfoodsherpas.com\/sfs\/wp-content\/uploads\/2016\/09\/ronda-malaga-spain-240x160.jpg 240w, https:\/\/www.spainfoodsherpas.com\/sfs\/wp-content\/uploads\/2016\/09\/ronda-malaga-spain-300x200.jpg 300w, https:\/\/www.spainfoodsherpas.com\/sfs\/wp-content\/uploads\/2016\/09\/ronda-malaga-spain.jpg 400w\" data-sizes=\"auto\" data-orig-sizes=\"(max-width: 400px) 100vw, 400px\" \/><\/p>\n<\/div><\/div><\/div><div class=\"fusion-layout-column fusion_builder_column fusion-builder-column-58 fusion_builder_column_1_4 1_4 fusion-flex-column\" style=\"--awb-bg-size:cover;--awb-width-large:25%;--awb-margin-top-large:0px;--awb-spacing-right-large:0px;--awb-margin-bottom-large:0px;--awb-spacing-left-large:0px;--awb-width-medium:100%;--awb-spacing-right-medium:0px;--awb-spacing-left-medium:0px;--awb-width-small:100%;--awb-spacing-right-small:0px;--awb-spacing-left-small:0px;\"><div class=\"fusion-column-wrapper fusion-flex-justify-content-flex-start fusion-content-layout-column\"><div class=\"fusion-text fusion-text-65\"><p><img decoding=\"async\" class=\"lazyload aligncenter size-full wp-image-10038\" src=\"https:\/\/www.spainfoodsherpas.com\/sfs\/wp-content\/uploads\/2016\/09\/lirio-restaurant-pedregalejo.jpg\" data-orig-src=\"https:\/\/www.spainfoodsherpas.com\/sfs\/wp-content\/uploads\/2016\/09\/lirio-restaurant-pedregalejo.jpg\" alt=\"lirio-restaurant-pedregalejo\" width=\"400\" height=\"266\" srcset=\"data:image\/svg+xml,%3Csvg%20xmlns%3D%27http%3A%2F%2Fwww.w3.org%2F2000%2Fsvg%27%20width%3D%27400%27%20height%3D%27266%27%20viewBox%3D%270%200%20400%20266%27%3E%3Crect%20width%3D%27400%27%20height%3D%27266%27%20fill-opacity%3D%220%22%2F%3E%3C%2Fsvg%3E\" data-srcset=\"https:\/\/www.spainfoodsherpas.com\/sfs\/wp-content\/uploads\/2016\/09\/lirio-restaurant-pedregalejo-200x133.jpg 200w, https:\/\/www.spainfoodsherpas.com\/sfs\/wp-content\/uploads\/2016\/09\/lirio-restaurant-pedregalejo-240x160.jpg 240w, https:\/\/www.spainfoodsherpas.com\/sfs\/wp-content\/uploads\/2016\/09\/lirio-restaurant-pedregalejo-300x200.jpg 300w, https:\/\/www.spainfoodsherpas.com\/sfs\/wp-content\/uploads\/2016\/09\/lirio-restaurant-pedregalejo.jpg 400w\" data-sizes=\"auto\" data-orig-sizes=\"(max-width: 400px) 100vw, 400px\" \/><\/p>\n<\/div><\/div><\/div><div class=\"fusion-layout-column fusion_builder_column fusion-builder-column-59 fusion_builder_column_1_4 1_4 fusion-flex-column\" style=\"--awb-bg-size:cover;--awb-width-large:25%;--awb-margin-top-large:0px;--awb-spacing-right-large:0px;--awb-margin-bottom-large:0px;--awb-spacing-left-large:0px;--awb-width-medium:100%;--awb-spacing-right-medium:0px;--awb-spacing-left-medium:0px;--awb-width-small:100%;--awb-spacing-right-small:0px;--awb-spacing-left-small:0px;\"><div class=\"fusion-column-wrapper fusion-flex-justify-content-flex-start fusion-content-layout-column\"><div class=\"fusion-text fusion-text-66\"><p><img decoding=\"async\" class=\"lazyload aligncenter size-full wp-image-10041\" src=\"https:\/\/www.spainfoodsherpas.com\/sfs\/wp-content\/uploads\/2016\/09\/coffee-malaga1.jpg\" data-orig-src=\"https:\/\/www.spainfoodsherpas.com\/sfs\/wp-content\/uploads\/2016\/09\/coffee-malaga1.jpg\" alt=\"coffee-malaga1\" width=\"400\" height=\"266\" srcset=\"data:image\/svg+xml,%3Csvg%20xmlns%3D%27http%3A%2F%2Fwww.w3.org%2F2000%2Fsvg%27%20width%3D%27400%27%20height%3D%27266%27%20viewBox%3D%270%200%20400%20266%27%3E%3Crect%20width%3D%27400%27%20height%3D%27266%27%20fill-opacity%3D%220%22%2F%3E%3C%2Fsvg%3E\" data-srcset=\"https:\/\/www.spainfoodsherpas.com\/sfs\/wp-content\/uploads\/2016\/09\/coffee-malaga1-200x133.jpg 200w, https:\/\/www.spainfoodsherpas.com\/sfs\/wp-content\/uploads\/2016\/09\/coffee-malaga1-240x160.jpg 240w, https:\/\/www.spainfoodsherpas.com\/sfs\/wp-content\/uploads\/2016\/09\/coffee-malaga1-300x200.jpg 300w, https:\/\/www.spainfoodsherpas.com\/sfs\/wp-content\/uploads\/2016\/09\/coffee-malaga1.jpg 400w\" data-sizes=\"auto\" data-orig-sizes=\"(max-width: 400px) 100vw, 400px\" \/><\/p>\n<\/div><\/div><\/div><\/div><\/div><div class=\"fusion-fullwidth fullwidth-box fusion-builder-row-9 fusion-flex-container nonhundred-percent-fullwidth non-hundred-percent-height-scrolling\" style=\"--awb-border-radius-top-left:0px;--awb-border-radius-top-right:0px;--awb-border-radius-bottom-right:0px;--awb-border-radius-bottom-left:0px;--awb-flex-wrap:wrap;\" id=\"topattractionsection\" ><div class=\"fusion-builder-row fusion-row fusion-flex-align-items-flex-start fusion-flex-content-wrap\" style=\"max-width:1216.8px;margin-left: calc(-4% \/ 2 );margin-right: calc(-4% \/ 2 );\"><div class=\"fusion-layout-column fusion_builder_column fusion-builder-column-60 fusion_builder_column_1_1 1_1 fusion-flex-column\" style=\"--awb-bg-size:cover;--awb-width-large:100%;--awb-margin-top-large:0px;--awb-spacing-right-large:1.92%;--awb-margin-bottom-large:20px;--awb-spacing-left-large:1.92%;--awb-width-medium:100%;--awb-spacing-right-medium:1.92%;--awb-spacing-left-medium:1.92%;--awb-width-small:100%;--awb-spacing-right-small:1.92%;--awb-spacing-left-small:1.92%;\"><div class=\"fusion-column-wrapper fusion-flex-justify-content-flex-start fusion-content-layout-column\"><div class=\"fusion-text fusion-text-67\"><h2 style=\"text-align: center; font-size: 32px;\">DIE TOP 10 TOURISTENATTRAKTIONEN IN MALAGA<\/h2>\n<\/div><\/div><\/div><div class=\"fusion-layout-column fusion_builder_column fusion-builder-column-61 fusion_builder_column_1_2 1_2 fusion-flex-column\" style=\"--awb-bg-size:cover;--awb-width-large:50%;--awb-margin-top-large:0px;--awb-spacing-right-large:3.84%;--awb-margin-bottom-large:20px;--awb-spacing-left-large:3.84%;--awb-width-medium:100%;--awb-spacing-right-medium:1.92%;--awb-spacing-left-medium:1.92%;--awb-width-small:100%;--awb-spacing-right-small:1.92%;--awb-spacing-left-small:1.92%;\"><div class=\"fusion-column-wrapper fusion-flex-justify-content-flex-start fusion-content-layout-column\"><div class=\"fusion-text fusion-text-68\"><p><span style=\"color: #bc503e;\"><strong>Die Kathedrale<\/strong><\/span><\/p>\n<p>Erbaut \u00fcber einer ehemaligen Moschee, wird die Kathedrale von Malaga liebevoll von den Einheimischen &#8220;la manquita&#8221; genannt, was &#8220;die einarmige Dame&#8221; bedeutet: schauen Sie sie vom Plaza del Obispo an und Sie werden verstehen warum. Obwohl die urspr\u00fcnglichen Pl\u00e4ne f\u00fcr diese gotisch-barocke Basilika zwei T\u00fcrme betrachteten, f\u00fchrte der Geldmangel dazu, nur einen von ihnen beenden zu k\u00f6nnen. Dies trug dazu bei, dass es in den letzten Jahren etliche Debatten \u00fcber ihre Fertigstellung gab, aber die Malague\u00f1os scheinen Sie so zu lieben wie sie ist- die Abwesenheit eines Turms macht die Kathedrale eben anders und einzigartig.<br \/>\n<em>Pro-Tipp: 2015 wurden die D\u00e4cher der Kathedrale f\u00fcr Besucher er\u00f6ffnet. Sie m\u00fcssen zwar zweihundert Treppen steigen um dorthin zu gelangen, aber die M\u00fche lohnt sich, denn Sie werden eine wunderbare Aussicht genie\u00dfen!<\/em><\/p>\n<\/div><\/div><\/div><div class=\"fusion-layout-column fusion_builder_column fusion-builder-column-62 fusion_builder_column_1_2 1_2 fusion-flex-column\" style=\"--awb-bg-size:cover;--awb-width-large:50%;--awb-margin-top-large:0px;--awb-spacing-right-large:3.84%;--awb-margin-bottom-large:20px;--awb-spacing-left-large:3.84%;--awb-width-medium:100%;--awb-spacing-right-medium:1.92%;--awb-spacing-left-medium:1.92%;--awb-width-small:100%;--awb-spacing-right-small:1.92%;--awb-spacing-left-small:1.92%;\"><div class=\"fusion-column-wrapper fusion-flex-justify-content-flex-start fusion-content-layout-column\"><div class=\"fusion-text fusion-text-69\"><p><span style=\"color: #bc503e;\"><strong>Alcazaba und r\u00f6misches Theater<\/strong><\/span><\/p>\n<p>Die Alcazaba ist eine der beiden maurischen Festungen Malagas und sie ist bekannt daf\u00fcr, dass sie die am besten erhaltene \u201eAlcazaba\u201c in ganz Spanien ist. Sie geht auf das achte Jahrhundert zur\u00fcck, als der erste Emir von Cordoba sie aus Verteidigungszwecken gegen Piraten baute und sie ist jetzt der perfekte Ort, um eine faszinierende Reise durch die Zeit zu machen. Sie k\u00f6nnen einen Spaziergang durch die erstaunlichen Terrassen und G\u00e4rten machen und einen wunderbaren Blick auf die Skyline der Stadt geniessen. Der Eingang ist in der N\u00e4he des r\u00f6mischen Theaters in der Alcazabilla Strasse, welches das \u00e4lteste Denkmal der Stadt ist (es wurde im ersten Jahrhundert v. Chr. gebaut) und es wird immernoch f\u00fcr musikalische oder Theaterauff\u00fchrungen im Sommer genutzt. Unsere Empfehlung ist beide am selben Tag zu besuchen, um einen Einblick in die beeindruckende Geschichte Malagas zu bekommen.<\/p>\n<\/div><\/div><\/div><div class=\"fusion-layout-column fusion_builder_column fusion-builder-column-63 fusion_builder_column_1_2 1_2 fusion-flex-column\" style=\"--awb-bg-size:cover;--awb-width-large:50%;--awb-margin-top-large:0px;--awb-spacing-right-large:3.84%;--awb-margin-bottom-large:20px;--awb-spacing-left-large:3.84%;--awb-width-medium:100%;--awb-spacing-right-medium:1.92%;--awb-spacing-left-medium:1.92%;--awb-width-small:100%;--awb-spacing-right-small:1.92%;--awb-spacing-left-small:1.92%;\"><div class=\"fusion-column-wrapper fusion-flex-justify-content-flex-start fusion-content-layout-column\"><div class=\"fusion-text fusion-text-70\"><p><span style=\"color: #bc503e;\"><strong>Gibralfaro<\/strong><\/span><\/p>\n<p>Nur f\u00fcr den Fall, dass Sie nicht genug mit der Alcazaba hatten, haben Sie hier eine weitere maurische Festung. Die Gibralfaro ist eine arabische Burg aus dem 10. Jahrhundert mit Blick auf die Stadt und obwohl sie weniger zu bieten hat als die Alcazaba (aus einer streng historischen und architektonischen Sicht), werden Sie sie auf jeden Fall f\u00fcr ihre erstaunliche Aussicht auf die Stadt und den Hafen lieben: genie\u00dfen Sie die Burg w\u00e4hrend eines Drinks oder einem guten Essen auf der Terrasse. Sie gelangen dorthin mit dem Taxi oder sogar zu Fu\u00df von der Innenstadt- aber nur, wenn Sie mutig genug sind (die Stra\u00dfe geht ziemlich bergauf!).<\/p>\n<\/div><\/div><\/div><div class=\"fusion-layout-column fusion_builder_column fusion-builder-column-64 fusion_builder_column_1_2 1_2 fusion-flex-column\" style=\"--awb-bg-size:cover;--awb-width-large:50%;--awb-margin-top-large:0px;--awb-spacing-right-large:3.84%;--awb-margin-bottom-large:20px;--awb-spacing-left-large:3.84%;--awb-width-medium:100%;--awb-spacing-right-medium:1.92%;--awb-spacing-left-medium:1.92%;--awb-width-small:100%;--awb-spacing-right-small:1.92%;--awb-spacing-left-small:1.92%;\"><div class=\"fusion-column-wrapper fusion-flex-justify-content-flex-start fusion-content-layout-column\"><div class=\"fusion-text fusion-text-71\"><p><span style=\"color: #bc503e;\"><strong>Muelle Uno<\/strong><\/span><\/p>\n<p>Wahrscheinlich der trendigste Ort der Stadt. Muelle Uno ist ein neues Gebiet, das in den letzten f\u00fcnf Jahren komplett saniert wurde, um schnell zu einem der beliebtesten Orte f\u00fcr Touristen und Einheimische zu werden. Wenn Sie per Schiff reisen, wird es wahrscheinlich das allererste sein was Sie sehen, da die Kreuzfahrtschiffe dort ankern. Eine Reihe von stilvollen Gesch\u00e4ften und Restaurants (darunter auch Michelin-Stern Jose Carlos Garc\u00eda), sind von zwei verschiedenen, aber ebenso ikonischen, Sehensw\u00fcrdigkeiten umgeben: das Centre Pompidou auf der einen Seite und die &#8220;Farola&#8221; auf der anderen.<\/p>\n<p>Als einzige Zweigstelle des renommierten Museums ausserhalb Frankreichs, befindet sich das Centre Pompidou in einem bunten Glasw\u00fcrfel und ist das Zentrum der k\u00fcnstlerischen Renaissance der Stadt. Viele prestigetr\u00e4chtige Zeitungen und Zeitschriften aus aller Welt sprechen dar\u00fcber in ihren Artikeln und der Aufstieg einer neuen Art von\u00a0 Tourismus ermutigte die Institutionen, noch mehr Museen zu er\u00f6ffnen.<\/p>\n<p>Auf der anderen Seite haben wir die &#8220;Farola&#8221;, einer der wenigen Leuchtt\u00fcrme in Spanien, der mit einer femininen Desinenz benannt ist: man sagt der Grund daf\u00fcr ist, weil die Frau des B\u00fcrgermeisters w\u00e4hrend der Einweihung im XIX Jahrhundert sagte, dass es so aussehen w\u00fcrde, als tr\u00fcge der Turm einen Rock.<\/p>\n<p><em> Pro Tipp: Wenn Sie in Muelle Uno sind, schauen Sie mal bei Artsenal vorbei: ein brandneuer Kulturraum in der Stadt, wo man viele verschiedene Kunstausstellungen, musikalische Darbietungen, interkulturelle Veranstaltungen, eine BookCrossing Bibliothek und viele Orte zum Entspannen genie\u00dfen kann.<\/em><\/p>\n<\/div><\/div><\/div><div class=\"fusion-layout-column fusion_builder_column fusion-builder-column-65 fusion_builder_column_1_2 1_2 fusion-flex-column\" style=\"--awb-bg-size:cover;--awb-width-large:50%;--awb-margin-top-large:0px;--awb-spacing-right-large:3.84%;--awb-margin-bottom-large:20px;--awb-spacing-left-large:3.84%;--awb-width-medium:100%;--awb-spacing-right-medium:1.92%;--awb-spacing-left-medium:1.92%;--awb-width-small:100%;--awb-spacing-right-small:1.92%;--awb-spacing-left-small:1.92%;\"><div class=\"fusion-column-wrapper fusion-flex-justify-content-flex-start fusion-content-layout-column\"><div class=\"fusion-text fusion-text-72\"><p><span style=\"color: #bc503e;\"><strong>Pedregalejo<\/strong><\/span><\/p>\n<p>Wenn Sie Str\u00e4nde lieben, dann machen Sie sich bereit viel Spa\u00df in der Hauptstadt der Costa del Sol zu haben! Wenn der Malagueta Strand der ber\u00fchmteste und zentralste ist, und die Str\u00e4nde von Huelin und La Misericordia die am meist empfohlenen f\u00fcr Sportliebhaber, dann sind El Palo und Pedregalejo ein authentischer Himmel f\u00fcr Foodies. Die Einheimischen besuchen ihn sonntags, um eine Paella in einem der vielen Restaurants und Chiringuitos entlang der K\u00fcste zu genie\u00dfen, aber vor allem um eines der typischsten Gerichte zu essen: der so genannte \u201eEspeto de Sardina\u201c. Das sind gegrillte Sardinen Spie\u00dfe, die auf kleinen Booten am Strand gebraten werden und die Sie auf jeden Fall probieren sollten!<\/p>\n<\/div><\/div><\/div><div class=\"fusion-layout-column fusion_builder_column fusion-builder-column-66 fusion_builder_column_1_2 1_2 fusion-flex-column\" style=\"--awb-bg-size:cover;--awb-width-large:50%;--awb-margin-top-large:0px;--awb-spacing-right-large:3.84%;--awb-margin-bottom-large:20px;--awb-spacing-left-large:3.84%;--awb-width-medium:100%;--awb-spacing-right-medium:1.92%;--awb-spacing-left-medium:1.92%;--awb-width-small:100%;--awb-spacing-right-small:1.92%;--awb-spacing-left-small:1.92%;\"><div class=\"fusion-column-wrapper fusion-flex-justify-content-flex-start fusion-content-layout-column\"><div class=\"fusion-text fusion-text-73\"><p><span style=\"color: #bc503e;\"><strong>Botanische Garten La Concepci\u00f3n<\/strong><\/span><\/p>\n<p>Dieser \u201ejard\u00edn bot\u00e1nico\u201c ist ein wahres Naturparadies auf 250.000 Quadratmetern, das um 1855 von zwei bedeutenden Familien aus Malaga geschaffen wurde. Als ein gesch\u00fctztes Denkmal, bietet es eine unglaubliche Sammlung an tropischen und subtropischen Pflanzen an, mit Arten aus Europa, Asien, Ozeanien, Afrika und Amerika. Im 19. Jahrhundert war es auch ein Treffpunkt f\u00fcr illustre Pers\u00f6nlichkeiten, denn Politiker, K\u00fcnstler und der Adel trafen sich sehr oft sehr dort. Dies machte den Bau von einigen Geb\u00e4uden und architektonischen Elementen m\u00f6glich, die das Gebiet vervollst\u00e4ndigen, wie das Palasthaus, das Haus der Zypern, die Gew\u00e4chsh\u00e4user und das Museum.<\/p>\n<p><em>Pro-Tipp: Wenn Sie einmal im botanischen Garten sind, dann verpassen Sie nicht das San-Telmo-Aqu\u00e4dukt. Erbaut im Jahre 1782, war es mehr als 10 km lang und gilt als die wichtigste hydraulische Arbeit des 18. Jahrhunderts in Spanien!<\/em><\/p>\n<\/div><\/div><\/div><div class=\"fusion-layout-column fusion_builder_column fusion-builder-column-67 fusion_builder_column_1_2 1_2 fusion-flex-column\" style=\"--awb-bg-size:cover;--awb-width-large:50%;--awb-margin-top-large:0px;--awb-spacing-right-large:3.84%;--awb-margin-bottom-large:20px;--awb-spacing-left-large:3.84%;--awb-width-medium:100%;--awb-spacing-right-medium:1.92%;--awb-spacing-left-medium:1.92%;--awb-width-small:100%;--awb-spacing-right-small:1.92%;--awb-spacing-left-small:1.92%;\"><div class=\"fusion-column-wrapper fusion-flex-justify-content-flex-start fusion-content-layout-column\"><div class=\"fusion-text fusion-text-74\"><p><span style=\"color: #bc503e;\"><strong>Picassos Geburtshaus und Stiftung<\/strong><\/span><\/p>\n<p>Malaga ist weltweit ber\u00fchmt daf\u00fcr der Geburtsort von Picasso zu sein- der produktivste aller professionellen zeitgen\u00f6ssischen Maler, laut der Guinness World Records. Sein Erbe lebt noch heute in der Stadt und vor allem in der Plaza de la Merced, wo er geboren wurde. Das Geb\u00e4ude ist seit 1983 ein offizielles Kulturerbe und ein 360-Grad-Tribut an das Leben und die Kunst von Picasso, sowie das Hauptquartier der Picasso-Stiftung. Dort k\u00f6nnen wir einige interessante Kunstwerke,\u00a0 sowie Gegenst\u00e4nde oder pers\u00f6nliche Erinnerungen an seine Familie betrachten.<\/p>\n<\/div><\/div><\/div><div class=\"fusion-layout-column fusion_builder_column fusion-builder-column-68 fusion_builder_column_1_2 1_2 fusion-flex-column\" style=\"--awb-bg-size:cover;--awb-width-large:50%;--awb-margin-top-large:0px;--awb-spacing-right-large:3.84%;--awb-margin-bottom-large:20px;--awb-spacing-left-large:3.84%;--awb-width-medium:100%;--awb-spacing-right-medium:1.92%;--awb-spacing-left-medium:1.92%;--awb-width-small:100%;--awb-spacing-right-small:1.92%;--awb-spacing-left-small:1.92%;\"><div class=\"fusion-column-wrapper fusion-flex-justify-content-flex-start fusion-content-layout-column\"><div class=\"fusion-text fusion-text-75\"><p><span style=\"color: #bc503e;\"><strong>Paseo del Parque<\/strong><\/span><\/p>\n<p>Wenn Sie durch diesen Park gehen, werden Sie wahrscheinlich vergessen, dass Sie mitten in einer Hauptstadt sind: Es ist eine 1 Kilometer lange Promenade, die von der Plaza de la Marina zum Bezirk der Malagueta f\u00fchrt- mit Palmen, Papageien, kleinen faszinierenden G\u00e4rten, Brunnen und Azulejos, die eine der gr\u00fcnsten Gegenden der Stadt gestalten. Er gilt als einer der bedeutendsten \u00f6ffentlichen Parks in Europa. Dieser mediterrane Garten mit subtropischen Spezies ist der perfekte Ort um einen Spaziergang zu machen oder sich im Schatten der B\u00e4ume an einem unserer hei\u00dfen, sonnigen Nachmittagen zu entspannen.<\/p>\n<p>Wenn Sie schonmal dort sind, k\u00f6nnen Sie auch die G\u00e4rten von Pedro Luis Alonso besuchen, gleich neben dem Rathaus, wo Sie mehr als 70 verschiedene Arten von Rosen finden! Immer noch nicht genug? Dann weiter zu Fu\u00df bis zu den &#8220;Jardines de Puerta Oscura&#8221;, nur wenige Meter entfernt, wo Sie Jacarandas nebst vielen anderen botanischen Arten genie\u00dfen k\u00f6nnen.<\/p>\n<\/div><\/div><\/div><div class=\"fusion-layout-column fusion_builder_column fusion-builder-column-69 fusion_builder_column_1_2 1_2 fusion-flex-column\" style=\"--awb-bg-size:cover;--awb-width-large:50%;--awb-margin-top-large:0px;--awb-spacing-right-large:3.84%;--awb-margin-bottom-large:20px;--awb-spacing-left-large:3.84%;--awb-width-medium:100%;--awb-spacing-right-medium:1.92%;--awb-spacing-left-medium:1.92%;--awb-width-small:100%;--awb-spacing-right-small:1.92%;--awb-spacing-left-small:1.92%;\"><div class=\"fusion-column-wrapper fusion-flex-justify-content-flex-start fusion-content-layout-column\"><div class=\"fusion-text fusion-text-76\"><p><span style=\"color: #bc503e;\"><strong>Museen<\/strong><\/span><\/p>\n<p>Wussten Sie, dass Malaga eine der St\u00e4dte mit der h\u00f6chsten Anzahl an Museen in Europa ist? Es gibt jetzt mehr als 30, mit beeindruckenden Sammlungen die von Autos bis hin zu Wein, Puppenh\u00e4usern, Musik und nat\u00fcrlich Kunst reichen. Wir haben bereits das Centre Pompidou erw\u00e4hnt, das als Hauptsymbol dieses neuen Kulturtourismus gilt, den die Stadt so sehr unterst\u00fctzt. Aber es gibt auf jeden Fall noch viele andere die einen Besuch wert sind. Eines von ihnen ist das Picasso-Museum, das sich im wundersch\u00f6nen Palacio de Buenavista befindet (zwei Minuten von der Kathedrale entfernt) und es ist wahrscheinlich das meistbesuchte Museum der Stadt. In seinen 12 permanenten Ausstellungen k\u00f6nnen Sie einige der klassischen Picasso-Werke genie\u00dfen, zusammen mit weniger bekannten Skizzen und Keramiken und interessanten tempor\u00e4ren Ausstellungen.<\/p>\n<p>Wenn Sie internationale Kunst bevorzugen, finden Sie im historischen Geb\u00e4ude der alten Tabakfabrik (Tabacalera) die erste Zweigstelle des russischen Museums aus St. Petersburg die au\u00dferhalb des Herkunftslandes er\u00f6ffnet wurde. Dort werden 100 Kunstwerke aus dem 15. bis 20. Jahrhundert ausgestellt, die die Kunst- und Kulturgeschichte Russlands zeigen, sowie zwei verschiedene tempor\u00e4re Ausstellungen die jedes Jahr organisiert werden. Sie k\u00f6nnen ganz einfach vom Stadtzentrum mit dem Bus dorthin fahren (nehmen Sie Nummer 16 ab der Alameda Principal), mit dem Taxi oder sogar zu Fu\u00df, wenn Sie nichts dagegen haben ca. 30 Minuten zu laufen.<\/p>\n<p>Wir empfehlen Ihnen auch, das zeitgen\u00f6ssische Kunstzentrum von Malaga (auch bekannt als CacMa) zu besuchen, das als das Beste in der gesamten andalusischen Region gilt, da es Ausstellungen von sehr wichtigen internationalen K\u00fcnstlern beherbergt. Es ist das Herz des Soho-Bezirks: ein ehemaliges Wohnviertel, das in den letzten Jahren mit dem Ziel rehabilitiert wurde, es in ein echtes Open-Air-Graffiti-Museum zu verwandeln.<\/p>\n<p>Sobald Sie fertig sind das Kunstzentrum zu besuchen, bummeln Sie einfach durch die Stra\u00dfen um prestigetr\u00e4chtige Stra\u00dfengraffities von wichtigen Namen wie Boamistura, Pantone, Obey, D&#8217;Face oder Okuda zu entdecken. Das beste ist, dass st\u00e4ndig neue Wandmalereien auftauchen, sodass Sie einen guten Grund haben immer wieder erneut diesen Stadtteil durchzust\u00f6bern!<\/p>\n<p>Schlie\u00dflich sollten Sie nicht das neue Malaga Museum verpassen, das vor kurzem im historischen Geb\u00e4ude des Palacio de Aduana nach einer 10-j\u00e4hrigen Renovierung er\u00f6ffnet wurde. Hier k\u00f6nnen Sie eine riesige Kunstsammlung von 2.700 Gegenst\u00e4nden genie\u00dfen, darunter einige tolle Gem\u00e4lde von Zurbar\u00e1n und Murillo.<\/p>\n<\/div><\/div><\/div><div class=\"fusion-layout-column fusion_builder_column fusion-builder-column-70 fusion_builder_column_1_2 1_2 fusion-flex-column\" style=\"--awb-bg-size:cover;--awb-width-large:50%;--awb-margin-top-large:0px;--awb-spacing-right-large:3.84%;--awb-margin-bottom-large:20px;--awb-spacing-left-large:3.84%;--awb-width-medium:100%;--awb-spacing-right-medium:1.92%;--awb-spacing-left-medium:1.92%;--awb-width-small:100%;--awb-spacing-right-small:1.92%;--awb-spacing-left-small:1.92%;\"><div class=\"fusion-column-wrapper fusion-flex-justify-content-flex-start fusion-content-layout-column\"><div class=\"fusion-text fusion-text-77\"><p><span style=\"color: #bc503e;\"><strong>Mercado de Atarazanas<\/strong><\/span><\/p>\n<p>Es gibt 15 verschiedene Lebensmittelm\u00e4rkte in der Stadt, aber der Atarazanas Markt ist der gr\u00f6\u00dfte, \u00e4lteste und ein gesch\u00fctztes Kulturgut: definitiv ein Muss f\u00fcr food lovers! Hier k\u00f6nnen Sie die authentischsten Aromen und frischesten saisonalen Produkte aus der ganzen Region probieren. Alles in einem Geb\u00e4ude, das ein architektonischer und historischer Schatz ist. Der Name &#8220;Atarazanas&#8221; bedeutet &#8220;Boot Arsenal&#8221; auf Arabisch und das ist, weil in der Nasriden-Epoche, als das Mittelmeer bis zu seinen T\u00fcren erreichte, es als Schiffswerft diente.<\/p>\n<p>Der zentrale Marmor Eingang stammt aus dieser Zeit, w\u00e4hrend die Gusseisen- Architektur 1868 von dem Architekten Joaqu\u00edn de Rucoba hinzugef\u00fcgt wurde (die Inspiration bekam er vom ber\u00fchmten Les Halles Markt in Paris). Von 2008-10 wurde der Markt renovierten, wo auch das Buntglas eingesetzt wurde, was die wichtigsten Denkm\u00e4ler der Stadt repr\u00e4sentiert und heute eines der am meist fotografierten Teile des Geb\u00e4udes ist.<\/p>\n<p>Machen Sie sich bereit Ihre Augen, Nasen und Gaumen in drei verschiedenen &#8220;Abteilungen&#8221; zu verw\u00f6hnen: Fleisch, Obst \/ Gem\u00fcse und Fisch. Die sympatischen Verk\u00e4ufer aus den Familienunternehmen hinter jedem Stand werden Ihnen helfen, sich in einer Welt voller Aromen und Sensationen zu verlieren.<\/p>\n<\/div><\/div><\/div><\/div><\/div><div class=\"fusion-fullwidth fullwidth-box fusion-builder-row-10 fusion-flex-container hundred-percent-fullwidth non-hundred-percent-height-scrolling\" style=\"--awb-border-radius-top-left:0px;--awb-border-radius-top-right:0px;--awb-border-radius-bottom-right:0px;--awb-border-radius-bottom-left:0px;--awb-flex-wrap:wrap;\" ><div class=\"fusion-builder-row fusion-row fusion-flex-align-items-flex-start fusion-flex-content-wrap\" style=\"width:calc( 100% + 0px ) !important;max-width:calc( 100% + 0px ) !important;margin-left: calc(-0px \/ 2 );margin-right: calc(-0px \/ 2 );\"><div class=\"fusion-layout-column fusion_builder_column fusion-builder-column-71 fusion_builder_column_1_4 1_4 fusion-flex-column\" style=\"--awb-bg-size:cover;--awb-width-large:25%;--awb-margin-top-large:0px;--awb-spacing-right-large:0px;--awb-margin-bottom-large:20px;--awb-spacing-left-large:0px;--awb-width-medium:100%;--awb-spacing-right-medium:0px;--awb-spacing-left-medium:0px;--awb-width-small:100%;--awb-spacing-right-small:0px;--awb-spacing-left-small:0px;\"><div class=\"fusion-column-wrapper fusion-flex-justify-content-flex-start fusion-content-layout-column\"><div class=\"fusion-text fusion-text-78\"><p><img decoding=\"async\" class=\"lazyload aligncenter size-full wp-image-11555\" src=\"https:\/\/www.spainfoodsherpas.com\/sfs\/wp-content\/uploads\/2017\/03\/cathedral-malaga.jpg\" data-orig-src=\"https:\/\/www.spainfoodsherpas.com\/sfs\/wp-content\/uploads\/2017\/03\/cathedral-malaga.jpg\" alt=\"Malaga Dom\" width=\"400\" height=\"266\" srcset=\"data:image\/svg+xml,%3Csvg%20xmlns%3D%27http%3A%2F%2Fwww.w3.org%2F2000%2Fsvg%27%20width%3D%27400%27%20height%3D%27266%27%20viewBox%3D%270%200%20400%20266%27%3E%3Crect%20width%3D%27400%27%20height%3D%27266%27%20fill-opacity%3D%220%22%2F%3E%3C%2Fsvg%3E\" data-srcset=\"https:\/\/www.spainfoodsherpas.com\/sfs\/wp-content\/uploads\/2017\/03\/cathedral-malaga-200x133.jpg 200w, https:\/\/www.spainfoodsherpas.com\/sfs\/wp-content\/uploads\/2017\/03\/cathedral-malaga-240x160.jpg 240w, https:\/\/www.spainfoodsherpas.com\/sfs\/wp-content\/uploads\/2017\/03\/cathedral-malaga-300x200.jpg 300w, https:\/\/www.spainfoodsherpas.com\/sfs\/wp-content\/uploads\/2017\/03\/cathedral-malaga.jpg 400w\" data-sizes=\"auto\" data-orig-sizes=\"(max-width: 400px) 100vw, 400px\" \/><\/p>\n<\/div><\/div><\/div><div class=\"fusion-layout-column fusion_builder_column fusion-builder-column-72 fusion_builder_column_1_4 1_4 fusion-flex-column\" style=\"--awb-bg-size:cover;--awb-width-large:25%;--awb-margin-top-large:0px;--awb-spacing-right-large:0px;--awb-margin-bottom-large:20px;--awb-spacing-left-large:0px;--awb-width-medium:100%;--awb-spacing-right-medium:0px;--awb-spacing-left-medium:0px;--awb-width-small:100%;--awb-spacing-right-small:0px;--awb-spacing-left-small:0px;\"><div class=\"fusion-column-wrapper fusion-flex-justify-content-flex-start fusion-content-layout-column\"><div class=\"fusion-text fusion-text-79\"><p><img decoding=\"async\" class=\"lazyload aligncenter size-full wp-image-10670\" src=\"https:\/\/www.spainfoodsherpas.com\/sfs\/wp-content\/uploads\/2016\/12\/private-visit-picasso-museum-spain-food-sherpas.jpg\" data-orig-src=\"https:\/\/www.spainfoodsherpas.com\/sfs\/wp-content\/uploads\/2016\/12\/private-visit-picasso-museum-spain-food-sherpas.jpg\" alt=\"Picasso Museum Malaga\" width=\"400\" height=\"266\" srcset=\"data:image\/svg+xml,%3Csvg%20xmlns%3D%27http%3A%2F%2Fwww.w3.org%2F2000%2Fsvg%27%20width%3D%27400%27%20height%3D%27266%27%20viewBox%3D%270%200%20400%20266%27%3E%3Crect%20width%3D%27400%27%20height%3D%27266%27%20fill-opacity%3D%220%22%2F%3E%3C%2Fsvg%3E\" data-srcset=\"https:\/\/www.spainfoodsherpas.com\/sfs\/wp-content\/uploads\/2016\/12\/private-visit-picasso-museum-spain-food-sherpas-200x133.jpg 200w, https:\/\/www.spainfoodsherpas.com\/sfs\/wp-content\/uploads\/2016\/12\/private-visit-picasso-museum-spain-food-sherpas-240x160.jpg 240w, https:\/\/www.spainfoodsherpas.com\/sfs\/wp-content\/uploads\/2016\/12\/private-visit-picasso-museum-spain-food-sherpas-300x200.jpg 300w, https:\/\/www.spainfoodsherpas.com\/sfs\/wp-content\/uploads\/2016\/12\/private-visit-picasso-museum-spain-food-sherpas.jpg 400w\" data-sizes=\"auto\" data-orig-sizes=\"(max-width: 400px) 100vw, 400px\" \/><\/p>\n<\/div><\/div><\/div><div class=\"fusion-layout-column fusion_builder_column fusion-builder-column-73 fusion_builder_column_1_4 1_4 fusion-flex-column\" style=\"--awb-bg-size:cover;--awb-width-large:25%;--awb-margin-top-large:0px;--awb-spacing-right-large:0px;--awb-margin-bottom-large:20px;--awb-spacing-left-large:0px;--awb-width-medium:100%;--awb-spacing-right-medium:0px;--awb-spacing-left-medium:0px;--awb-width-small:100%;--awb-spacing-right-small:0px;--awb-spacing-left-small:0px;\"><div class=\"fusion-column-wrapper fusion-flex-justify-content-flex-start fusion-content-layout-column\"><div class=\"fusion-text fusion-text-80\"><p><img decoding=\"async\" class=\"lazyload aligncenter size-full wp-image-7978\" src=\"https:\/\/www.spainfoodsherpas.com\/sfs\/wp-content\/uploads\/2015\/07\/Malaga-Atarazanas-Food-Market-e1497348021672.jpg\" data-orig-src=\"https:\/\/www.spainfoodsherpas.com\/sfs\/wp-content\/uploads\/2015\/07\/Malaga-Atarazanas-Food-Market-e1497348021672.jpg\" alt=\"\" width=\"400\" height=\"266\" srcset=\"data:image\/svg+xml,%3Csvg%20xmlns%3D%27http%3A%2F%2Fwww.w3.org%2F2000%2Fsvg%27%20width%3D%27400%27%20height%3D%27266%27%20viewBox%3D%270%200%20400%20266%27%3E%3Crect%20width%3D%27400%27%20height%3D%27266%27%20fill-opacity%3D%220%22%2F%3E%3C%2Fsvg%3E\" data-srcset=\"https:\/\/www.spainfoodsherpas.com\/sfs\/wp-content\/uploads\/2015\/07\/Malaga-Atarazanas-Food-Market-e1497348021672-200x133.jpg 200w, https:\/\/www.spainfoodsherpas.com\/sfs\/wp-content\/uploads\/2015\/07\/Malaga-Atarazanas-Food-Market-e1497348021672-300x200.jpg 300w, https:\/\/www.spainfoodsherpas.com\/sfs\/wp-content\/uploads\/2015\/07\/Malaga-Atarazanas-Food-Market-e1497348021672.jpg 400w\" data-sizes=\"auto\" data-orig-sizes=\"(max-width: 400px) 100vw, 400px\" \/><\/p>\n<\/div><\/div><\/div><div class=\"fusion-layout-column fusion_builder_column fusion-builder-column-74 fusion_builder_column_1_4 1_4 fusion-flex-column\" style=\"--awb-bg-size:cover;--awb-width-large:25%;--awb-margin-top-large:0px;--awb-spacing-right-large:0px;--awb-margin-bottom-large:20px;--awb-spacing-left-large:0px;--awb-width-medium:100%;--awb-spacing-right-medium:0px;--awb-spacing-left-medium:0px;--awb-width-small:100%;--awb-spacing-right-small:0px;--awb-spacing-left-small:0px;\"><div class=\"fusion-column-wrapper fusion-flex-justify-content-flex-start fusion-content-layout-column\"><div class=\"fusion-text fusion-text-81\"><p><img decoding=\"async\" class=\"lazyload aligncenter size-full wp-image-11813\" src=\"https:\/\/www.spainfoodsherpas.com\/sfs\/wp-content\/uploads\/2016\/09\/malaga.jpg\" data-orig-src=\"https:\/\/www.spainfoodsherpas.com\/sfs\/wp-content\/uploads\/2016\/09\/malaga.jpg\" alt=\"malaga view\" width=\"402\" height=\"266\" srcset=\"data:image\/svg+xml,%3Csvg%20xmlns%3D%27http%3A%2F%2Fwww.w3.org%2F2000%2Fsvg%27%20width%3D%27402%27%20height%3D%27266%27%20viewBox%3D%270%200%20402%20266%27%3E%3Crect%20width%3D%27402%27%20height%3D%27266%27%20fill-opacity%3D%220%22%2F%3E%3C%2Fsvg%3E\" data-srcset=\"https:\/\/www.spainfoodsherpas.com\/sfs\/wp-content\/uploads\/2016\/09\/malaga-200x132.jpg 200w, https:\/\/www.spainfoodsherpas.com\/sfs\/wp-content\/uploads\/2016\/09\/malaga-300x199.jpg 300w, https:\/\/www.spainfoodsherpas.com\/sfs\/wp-content\/uploads\/2016\/09\/malaga-400x265.jpg 400w, https:\/\/www.spainfoodsherpas.com\/sfs\/wp-content\/uploads\/2016\/09\/malaga.jpg 402w\" data-sizes=\"auto\" data-orig-sizes=\"(max-width: 402px) 100vw, 402px\" \/><\/p>\n<\/div><\/div><\/div><div class=\"fusion-layout-column fusion_builder_column fusion-builder-column-75 fusion_builder_column_1_1 1_1 fusion-flex-column\" style=\"--awb-bg-size:cover;--awb-width-large:100%;--awb-margin-top-large:0px;--awb-spacing-right-large:0px;--awb-margin-bottom-large:20px;--awb-spacing-left-large:0px;--awb-width-medium:100%;--awb-spacing-right-medium:0px;--awb-spacing-left-medium:0px;--awb-width-small:100%;--awb-spacing-right-small:0px;--awb-spacing-left-small:0px;\"><div class=\"fusion-column-wrapper fusion-flex-justify-content-flex-start fusion-content-layout-column\"><div class=\"fusion-text fusion-text-82\"><p style=\"text-align: center;\"><a style=\"color: #957f55;\" href=\"#\"><strong>\u21d1 BACK TO TOP<\/strong><\/a><\/p>\n<\/div><\/div><\/div><\/div><\/div><div class=\"fusion-fullwidth fullwidth-box fusion-builder-row-11 fusion-flex-container nonhundred-percent-fullwidth non-hundred-percent-height-scrolling\" style=\"--awb-border-radius-top-left:0px;--awb-border-radius-top-right:0px;--awb-border-radius-bottom-right:0px;--awb-border-radius-bottom-left:0px;--awb-flex-wrap:wrap;\" id=\"nightlifesection\" ><div class=\"fusion-builder-row fusion-row fusion-flex-align-items-flex-start fusion-flex-content-wrap\" style=\"max-width:1216.8px;margin-left: calc(-4% \/ 2 );margin-right: calc(-4% \/ 2 );\"><div class=\"fusion-layout-column fusion_builder_column fusion-builder-column-76 fusion_builder_column_1_1 1_1 fusion-flex-column\" style=\"--awb-bg-size:cover;--awb-width-large:100%;--awb-margin-top-large:0px;--awb-spacing-right-large:1.92%;--awb-margin-bottom-large:20px;--awb-spacing-left-large:1.92%;--awb-width-medium:100%;--awb-spacing-right-medium:1.92%;--awb-spacing-left-medium:1.92%;--awb-width-small:100%;--awb-spacing-right-small:1.92%;--awb-spacing-left-small:1.92%;\"><div class=\"fusion-column-wrapper fusion-flex-justify-content-flex-start fusion-content-layout-column\"><div class=\"fusion-text fusion-text-83\"><h2 style=\"text-align: center; font-size: 32px;\">MALAGA, DIE MEDITERRANE STADT DIE NIEMALS SCHL\u00c4FT<\/h2>\n<\/div><\/div><\/div><div class=\"fusion-layout-column fusion_builder_column fusion-builder-column-77 fusion_builder_column_1_2 1_2 fusion-flex-column\" style=\"--awb-bg-size:cover;--awb-width-large:50%;--awb-margin-top-large:0px;--awb-spacing-right-large:3.84%;--awb-margin-bottom-large:20px;--awb-spacing-left-large:3.84%;--awb-width-medium:100%;--awb-spacing-right-medium:1.92%;--awb-spacing-left-medium:1.92%;--awb-width-small:100%;--awb-spacing-right-small:1.92%;--awb-spacing-left-small:1.92%;\"><div class=\"fusion-column-wrapper fusion-flex-justify-content-flex-start fusion-content-layout-column\"><div class=\"fusion-text fusion-text-84\"><p>Jep, eine gute Nacht endet in Malaga, wenn Sie Churros zum Fr\u00fchst\u00fcck essen! Und wir haben ein paar ganz tolle\u00a0 &#8220;Tejeringos&#8221; mit hei\u00dfer Schokolade! Aber vor allem ein Nachtleben so vielseitig wie seine Leute. Sp\u00fcren Sie den Herzschlag der Stadt, sobald die Sonne untergegangen ist.<\/p>\n<p>Da wir hier im S\u00fcden Spaniens Geniesser sind, l\u00e4sst man es wirklich krachen wenn man ausgeht (auch wenn man es eigentlich gar nicht geplant hatte!): Normalerweise f\u00e4ngt man mit Abendessen und Drinks an, was man dann sp\u00e4ter mit tanzen gehen kombiniert oder noch mehr Getr\u00e4nken in entspannter Atmosph\u00e4re. Deshalb k\u00f6nnen die Malaga-N\u00e4chte entweder locker, charmant und entspannt sein; Oder intensiv, laut und kreativ &#8211; von Rock bis Pop \u00fcber Flamenco. Die meisten Discos befinden sich in der Altstadt, aber es gibt auch hippe Strandbars, vor allem an der Costa del Sol.<\/p>\n<p>Die Bars und Clubs im Stadtzentrum sind eher klein, aber zahlreich und oft kostenlos. So k\u00f6nnen Sie ganz einfach ein bar crawl machen! Einer der ber\u00fchmtesten Orte ist der Mitjana-Platz, der fast wie eine gro\u00dfe Open-Air-Bar ist. Lassen Sie sich einfach treiben und folgen Sie den jungen Leuten, die versuchen Sie mit speziellen Rabatten und Drinks in ihre Clubs zu bekommen. Und tanzen Sie, als ob es kein Morgen g\u00e4be! Sie k\u00f6nnen das zum Beispiel im Liceo Club tun, einer der legend\u00e4rsten in Malaga. In diesem Palast des 19. Jahrhunderts bieten sie die neuesten Hits die ganze Nacht \u00fcber an, sowie Flamenco-Shows am Nachmittag.<\/p>\n<p>Ein bisschen eleganter und schicker sind die Dachterrassen die wir in ganz Malaga haben. Ja, zuerst muss man da irgendwie hochkommen, aber es lohnt sich auf jeden Fall- eine unserer liebsten Aktivit\u00e4ten, wenn das Wetter es erlaubt (was hier im S\u00fcden fast immer ist). Es gibt Live-Musik, Theater, Tanz, Cocktails, manchmal sogar einen Pool und einen tollen Ausblick auf die wuselige Stadt!<\/p>\n<p>Da wir gerade von Live-Musik sprechen- eine andere Empfehlung von uns w\u00e4re definitiv der Clarence Jazz Club direkt neben der Kathedrale. Gro\u00dfartige K\u00fcnstler treten hier auf, die man sonst im Cervantes Theater finden kann. Malaga feiert \u00fcbrigends jedes Jahr im November ein Jazzfestival. Schauen Sie dann doch mal vorbei!<\/p>\n<\/div><\/div><\/div><div class=\"fusion-layout-column fusion_builder_column fusion-builder-column-78 fusion_builder_column_1_2 1_2 fusion-flex-column\" style=\"--awb-bg-size:cover;--awb-width-large:50%;--awb-margin-top-large:0px;--awb-spacing-right-large:3.84%;--awb-margin-bottom-large:20px;--awb-spacing-left-large:3.84%;--awb-width-medium:100%;--awb-spacing-right-medium:1.92%;--awb-spacing-left-medium:1.92%;--awb-width-small:100%;--awb-spacing-right-small:1.92%;--awb-spacing-left-small:1.92%;\"><div class=\"fusion-column-wrapper fusion-flex-justify-content-flex-start fusion-content-layout-column\"><div class=\"fusion-text fusion-text-85\"><p>Ein bisschen alternativer, aber mit viel soul und Charakter ist das ZZ Pub. Das ist wirklich ein Schmelztiegel verschiedener Musikgenres und Leute! Ein wenig verr\u00fcckt, ein wenig grungy, aber genau deswegen werden Sie es lieben, genau so wie wir.<\/p>\n<p>Jetzt haben wir noch 3 tolle Bars die wir Ihnen gerne zeigen wollen: Die Strandbar &#8220;Los ba\u00f1os del Carmen&#8221; bietet leckere Cocktails in einer unschlagbaren Umgebung mit Blick \u00fcber die Bucht an; Die coolste Bar die wir wahrscheinlich im Moment haben ist El Pimpi Florida in Pedregalejo, wo crowd surfing eine ganz \u00fcbliche T\u00e4tigkeit ist; Und, last but not least, Artsenal, ein sehr interessanter Ort in Muelle Uno mit Live-Musik, Ausstellungen und vielen verschiedenen Kunstwerken.<\/p>\n<p>Na gut, noch ein letzter Tipp: zum Aufw\u00e4rmen, probieren Sie mal La Tranca! Ihre (s\u00fc\u00dfen) Weine und traditionelles, jedoch auch hipster Ambiente werden Sie auf jeden Fall in Stimmung bringen.<br \/>\nNur zur Info: Die Churros Bars \u00f6ffnen gegen 7 Uhr :)<\/p>\n<\/div><\/div><\/div><div class=\"fusion-layout-column fusion_builder_column fusion-builder-column-79 fusion_builder_column_1_1 1_1 fusion-flex-column\" style=\"--awb-bg-size:cover;--awb-width-large:100%;--awb-margin-top-large:0px;--awb-spacing-right-large:1.92%;--awb-margin-bottom-large:20px;--awb-spacing-left-large:1.92%;--awb-width-medium:100%;--awb-spacing-right-medium:1.92%;--awb-spacing-left-medium:1.92%;--awb-width-small:100%;--awb-spacing-right-small:1.92%;--awb-spacing-left-small:1.92%;\"><div class=\"fusion-column-wrapper fusion-flex-justify-content-flex-start fusion-content-layout-column\"><div class=\"fusion-text fusion-text-86\"><h3 style=\"text-align: center;\"><span style=\"color: #bc503e;\"><strong><a href=\"https:\/\/www.spainfoodsherpas.com\/download-free-guide-to-malaga\/\">Free Download &gt;<\/a><br \/>\n<\/strong><\/span><\/h3>\n<\/div><\/div><\/div><div class=\"fusion-layout-column fusion_builder_column fusion-builder-column-80 fusion_builder_column_1_1 1_1 fusion-flex-column\" style=\"--awb-bg-size:cover;--awb-width-large:100%;--awb-margin-top-large:0px;--awb-spacing-right-large:1.92%;--awb-margin-bottom-large:20px;--awb-spacing-left-large:1.92%;--awb-width-medium:100%;--awb-spacing-right-medium:1.92%;--awb-spacing-left-medium:1.92%;--awb-width-small:100%;--awb-spacing-right-small:1.92%;--awb-spacing-left-small:1.92%;\"><div class=\"fusion-column-wrapper fusion-flex-justify-content-flex-start fusion-content-layout-column\"><div class=\"fusion-text fusion-text-87\"><p style=\"text-align: center;\"><a style=\"color: #957f55;\" href=\"#\"><strong>\u21d1 BACK TO TOP<\/strong><\/a><\/p>\n<\/div><\/div><\/div><\/div><\/div><\/p>\n","protected":false},"excerpt":{"rendered":"","protected":false},"author":2,"featured_media":0,"parent":0,"menu_order":0,"comment_status":"closed","ping_status":"closed","template":"100-width.php","meta":{"footnotes":""},"class_list":["post-11806","page","type-page","status-publish","hentry"],"yoast_head":"<!-- This site is optimized with the Yoast SEO plugin v27.4 - https:\/\/yoast.com\/product\/yoast-seo-wordpress\/ -->\n<title>Malaga Reisef\u00fchrer f\u00fcr Foodies<\/title>\n<meta name=\"description\" content=\"Wenn Sie einige Tage in Malaga verbringen, wird Ihnen dieser Reisef\u00fchrer helfen, das Beste aus Ihrem Besuch zu machen. Attraktionen, Hotels, Restaurants, Weinbars, Tavernen...\" \/>\n<meta name=\"robots\" content=\"index, follow, max-snippet:-1, max-image-preview:large, max-video-preview:-1\" \/>\n<link rel=\"canonical\" href=\"https:\/\/www.spainfoodsherpas.com\/de\/malaga-reisefuehrer-fuer-foodies\/\" \/>\n<meta property=\"og:locale\" content=\"de_DE\" \/>\n<meta property=\"og:type\" content=\"article\" \/>\n<meta property=\"og:title\" content=\"Malaga Reisef\u00fchrer f\u00fcr Foodies\" \/>\n<meta property=\"og:description\" content=\"Wenn Sie einige Tage in Malaga verbringen, wird Ihnen dieser Reisef\u00fchrer helfen, das Beste aus Ihrem Besuch zu machen. Attraktionen, Hotels, Restaurants, Weinbars, Tavernen...\" \/>\n<meta property=\"og:url\" content=\"https:\/\/www.spainfoodsherpas.com\/de\/malaga-reisefuehrer-fuer-foodies\/\" \/>\n<meta property=\"og:site_name\" content=\"Spain Food Sherpas\" \/>\n<meta property=\"article:publisher\" content=\"https:\/\/www.facebook.com\/spainfoodsherpas\" \/>\n<meta property=\"article:modified_time\" content=\"2019-12-17T15:55:10+00:00\" \/>\n<meta property=\"og:image\" content=\"https:\/\/www.spainfoodsherpas.com\/sfs\/wp-content\/uploads\/2016\/09\/alore\u00f1as-olives.jpg\" \/>\n<meta name=\"twitter:card\" content=\"summary_large_image\" \/>\n<meta name=\"twitter:label1\" content=\"Gesch\u00e4tzte Lesezeit\" \/>\n\t<meta name=\"twitter:data1\" content=\"86 minutes\" \/>\n<script type=\"application\/ld+json\" class=\"yoast-schema-graph\">{\"@context\":\"https:\\\/\\\/schema.org\",\"@graph\":[{\"@type\":\"WebPage\",\"@id\":\"https:\\\/\\\/www.spainfoodsherpas.com\\\/de\\\/malaga-reisefuehrer-fuer-foodies\\\/\",\"url\":\"https:\\\/\\\/www.spainfoodsherpas.com\\\/de\\\/malaga-reisefuehrer-fuer-foodies\\\/\",\"name\":\"Malaga Reisef\u00fchrer f\u00fcr Foodies\",\"isPartOf\":{\"@id\":\"https:\\\/\\\/www.spainfoodsherpas.com\\\/#website\"},\"primaryImageOfPage\":{\"@id\":\"https:\\\/\\\/www.spainfoodsherpas.com\\\/de\\\/malaga-reisefuehrer-fuer-foodies\\\/#primaryimage\"},\"image\":{\"@id\":\"https:\\\/\\\/www.spainfoodsherpas.com\\\/de\\\/malaga-reisefuehrer-fuer-foodies\\\/#primaryimage\"},\"thumbnailUrl\":\"https:\\\/\\\/www.spainfoodsherpas.com\\\/sfs\\\/wp-content\\\/uploads\\\/2016\\\/09\\\/salmorejo-malaga.jpg\",\"datePublished\":\"2017-06-09T11:13:26+00:00\",\"dateModified\":\"2019-12-17T15:55:10+00:00\",\"description\":\"Wenn Sie einige Tage in Malaga verbringen, wird Ihnen dieser Reisef\u00fchrer helfen, das Beste aus Ihrem Besuch zu machen. Attraktionen, Hotels, Restaurants, Weinbars, Tavernen...\",\"breadcrumb\":{\"@id\":\"https:\\\/\\\/www.spainfoodsherpas.com\\\/de\\\/malaga-reisefuehrer-fuer-foodies\\\/#breadcrumb\"},\"inLanguage\":\"de-DE\",\"potentialAction\":[{\"@type\":\"ReadAction\",\"target\":[\"https:\\\/\\\/www.spainfoodsherpas.com\\\/de\\\/malaga-reisefuehrer-fuer-foodies\\\/\"]}]},{\"@type\":\"ImageObject\",\"inLanguage\":\"de-DE\",\"@id\":\"https:\\\/\\\/www.spainfoodsherpas.com\\\/de\\\/malaga-reisefuehrer-fuer-foodies\\\/#primaryimage\",\"url\":\"https:\\\/\\\/www.spainfoodsherpas.com\\\/sfs\\\/wp-content\\\/uploads\\\/2016\\\/09\\\/salmorejo-malaga.jpg\",\"contentUrl\":\"https:\\\/\\\/www.spainfoodsherpas.com\\\/sfs\\\/wp-content\\\/uploads\\\/2016\\\/09\\\/salmorejo-malaga.jpg\"},{\"@type\":\"BreadcrumbList\",\"@id\":\"https:\\\/\\\/www.spainfoodsherpas.com\\\/de\\\/malaga-reisefuehrer-fuer-foodies\\\/#breadcrumb\",\"itemListElement\":[{\"@type\":\"ListItem\",\"position\":1,\"name\":\"Home\",\"item\":\"https:\\\/\\\/www.spainfoodsherpas.com\\\/de\\\/\"},{\"@type\":\"ListItem\",\"position\":2,\"name\":\"Malaga Reisef\u00fchrer f\u00fcr Foodies\"}]},{\"@type\":\"WebSite\",\"@id\":\"https:\\\/\\\/www.spainfoodsherpas.com\\\/#website\",\"url\":\"https:\\\/\\\/www.spainfoodsherpas.com\\\/\",\"name\":\"Spain Food Sherpas\",\"description\":\"Food Travel Experiences\",\"potentialAction\":[{\"@type\":\"SearchAction\",\"target\":{\"@type\":\"EntryPoint\",\"urlTemplate\":\"https:\\\/\\\/www.spainfoodsherpas.com\\\/?s={search_term_string}\"},\"query-input\":{\"@type\":\"PropertyValueSpecification\",\"valueRequired\":true,\"valueName\":\"search_term_string\"}}],\"inLanguage\":\"de-DE\"}]}<\/script>\n<!-- \/ Yoast SEO plugin. -->","yoast_head_json":{"title":"Malaga Reisef\u00fchrer f\u00fcr Foodies","description":"Wenn Sie einige Tage in Malaga verbringen, wird Ihnen dieser Reisef\u00fchrer helfen, das Beste aus Ihrem Besuch zu machen. Attraktionen, Hotels, Restaurants, Weinbars, Tavernen...","robots":{"index":"index","follow":"follow","max-snippet":"max-snippet:-1","max-image-preview":"max-image-preview:large","max-video-preview":"max-video-preview:-1"},"canonical":"https:\/\/www.spainfoodsherpas.com\/de\/malaga-reisefuehrer-fuer-foodies\/","og_locale":"de_DE","og_type":"article","og_title":"Malaga Reisef\u00fchrer f\u00fcr Foodies","og_description":"Wenn Sie einige Tage in Malaga verbringen, wird Ihnen dieser Reisef\u00fchrer helfen, das Beste aus Ihrem Besuch zu machen. Attraktionen, Hotels, Restaurants, Weinbars, Tavernen...","og_url":"https:\/\/www.spainfoodsherpas.com\/de\/malaga-reisefuehrer-fuer-foodies\/","og_site_name":"Spain Food Sherpas","article_publisher":"https:\/\/www.facebook.com\/spainfoodsherpas","article_modified_time":"2019-12-17T15:55:10+00:00","og_image":[{"url":"https:\/\/www.spainfoodsherpas.com\/sfs\/wp-content\/uploads\/2016\/09\/alore\u00f1as-olives.jpg","type":"","width":"","height":""}],"twitter_card":"summary_large_image","twitter_misc":{"Gesch\u00e4tzte Lesezeit":"86 minutes"},"schema":{"@context":"https:\/\/schema.org","@graph":[{"@type":"WebPage","@id":"https:\/\/www.spainfoodsherpas.com\/de\/malaga-reisefuehrer-fuer-foodies\/","url":"https:\/\/www.spainfoodsherpas.com\/de\/malaga-reisefuehrer-fuer-foodies\/","name":"Malaga Reisef\u00fchrer f\u00fcr Foodies","isPartOf":{"@id":"https:\/\/www.spainfoodsherpas.com\/#website"},"primaryImageOfPage":{"@id":"https:\/\/www.spainfoodsherpas.com\/de\/malaga-reisefuehrer-fuer-foodies\/#primaryimage"},"image":{"@id":"https:\/\/www.spainfoodsherpas.com\/de\/malaga-reisefuehrer-fuer-foodies\/#primaryimage"},"thumbnailUrl":"https:\/\/www.spainfoodsherpas.com\/sfs\/wp-content\/uploads\/2016\/09\/salmorejo-malaga.jpg","datePublished":"2017-06-09T11:13:26+00:00","dateModified":"2019-12-17T15:55:10+00:00","description":"Wenn Sie einige Tage in Malaga verbringen, wird Ihnen dieser Reisef\u00fchrer helfen, das Beste aus Ihrem Besuch zu machen. Attraktionen, Hotels, Restaurants, Weinbars, Tavernen...","breadcrumb":{"@id":"https:\/\/www.spainfoodsherpas.com\/de\/malaga-reisefuehrer-fuer-foodies\/#breadcrumb"},"inLanguage":"de-DE","potentialAction":[{"@type":"ReadAction","target":["https:\/\/www.spainfoodsherpas.com\/de\/malaga-reisefuehrer-fuer-foodies\/"]}]},{"@type":"ImageObject","inLanguage":"de-DE","@id":"https:\/\/www.spainfoodsherpas.com\/de\/malaga-reisefuehrer-fuer-foodies\/#primaryimage","url":"https:\/\/www.spainfoodsherpas.com\/sfs\/wp-content\/uploads\/2016\/09\/salmorejo-malaga.jpg","contentUrl":"https:\/\/www.spainfoodsherpas.com\/sfs\/wp-content\/uploads\/2016\/09\/salmorejo-malaga.jpg"},{"@type":"BreadcrumbList","@id":"https:\/\/www.spainfoodsherpas.com\/de\/malaga-reisefuehrer-fuer-foodies\/#breadcrumb","itemListElement":[{"@type":"ListItem","position":1,"name":"Home","item":"https:\/\/www.spainfoodsherpas.com\/de\/"},{"@type":"ListItem","position":2,"name":"Malaga Reisef\u00fchrer f\u00fcr Foodies"}]},{"@type":"WebSite","@id":"https:\/\/www.spainfoodsherpas.com\/#website","url":"https:\/\/www.spainfoodsherpas.com\/","name":"Spain Food Sherpas","description":"Food Travel Experiences","potentialAction":[{"@type":"SearchAction","target":{"@type":"EntryPoint","urlTemplate":"https:\/\/www.spainfoodsherpas.com\/?s={search_term_string}"},"query-input":{"@type":"PropertyValueSpecification","valueRequired":true,"valueName":"search_term_string"}}],"inLanguage":"de-DE"}]}},"_links":{"self":[{"href":"https:\/\/www.spainfoodsherpas.com\/de\/wp-json\/wp\/v2\/pages\/11806","targetHints":{"allow":["GET"]}}],"collection":[{"href":"https:\/\/www.spainfoodsherpas.com\/de\/wp-json\/wp\/v2\/pages"}],"about":[{"href":"https:\/\/www.spainfoodsherpas.com\/de\/wp-json\/wp\/v2\/types\/page"}],"author":[{"embeddable":true,"href":"https:\/\/www.spainfoodsherpas.com\/de\/wp-json\/wp\/v2\/users\/2"}],"replies":[{"embeddable":true,"href":"https:\/\/www.spainfoodsherpas.com\/de\/wp-json\/wp\/v2\/comments?post=11806"}],"version-history":[{"count":14,"href":"https:\/\/www.spainfoodsherpas.com\/de\/wp-json\/wp\/v2\/pages\/11806\/revisions"}],"predecessor-version":[{"id":18678,"href":"https:\/\/www.spainfoodsherpas.com\/de\/wp-json\/wp\/v2\/pages\/11806\/revisions\/18678"}],"wp:attachment":[{"href":"https:\/\/www.spainfoodsherpas.com\/de\/wp-json\/wp\/v2\/media?parent=11806"}],"curies":[{"name":"wp","href":"https:\/\/api.w.org\/{rel}","templated":true}]}}